{"id":2791,"date":"2021-01-20T12:59:25","date_gmt":"2021-01-20T11:59:25","guid":{"rendered":"http:\/\/www.gradski-muzej-krizevci.hr\/?page_id=2791"},"modified":"2021-01-29T02:34:31","modified_gmt":"2021-01-29T01:34:31","slug":"noc-muzeja-2021","status":"publish","type":"page","link":"http:\/\/www.gradski-muzej-krizevci.hr\/?page_id=2791","title":{"rendered":"NO\u0106 MUZEJA 2021."},"content":{"rendered":"<h5><strong>NO\u0106 MUZEJA 2021 i <\/strong><strong>GRADSKI MUZEJ KRI\u017dEVCI<\/strong><\/h5>\n<p><img loading=\"lazy\" decoding=\"async\" class=\"alignnone wp-image-2805\" src=\"http:\/\/www.gradski-muzej-krizevci.hr\/wp-content\/uploads\/2021\/01\/NM2021_vizual_web-scaled-1-300x180.jpg\" alt=\"\" width=\"561\" height=\"337\" srcset=\"http:\/\/www.gradski-muzej-krizevci.hr\/wp-content\/uploads\/2021\/01\/NM2021_vizual_web-scaled-1-300x180.jpg 300w, http:\/\/www.gradski-muzej-krizevci.hr\/wp-content\/uploads\/2021\/01\/NM2021_vizual_web-scaled-1-1024x615.jpg 1024w, http:\/\/www.gradski-muzej-krizevci.hr\/wp-content\/uploads\/2021\/01\/NM2021_vizual_web-scaled-1-768x461.jpg 768w, http:\/\/www.gradski-muzej-krizevci.hr\/wp-content\/uploads\/2021\/01\/NM2021_vizual_web-scaled-1-1536x923.jpg 1536w, http:\/\/www.gradski-muzej-krizevci.hr\/wp-content\/uploads\/2021\/01\/NM2021_vizual_web-scaled-1-2048x1230.jpg 2048w, http:\/\/www.gradski-muzej-krizevci.hr\/wp-content\/uploads\/2021\/01\/NM2021_vizual_web-scaled-1-1600x961.jpg 1600w\" sizes=\"auto, (max-width: 561px) 100vw, 561px\" \/><\/p>\n<p><iframe loading=\"lazy\" src=\"\/\/www.youtube.com\/embed\/r5Am89dVVCc\" width=\"560\" height=\"314\" allowfullscreen=\"allowfullscreen\"><\/iframe><\/p>\n<p><iframe loading=\"lazy\" src=\"\/\/www.youtube.com\/embed\/99gdONZfIjo\" width=\"560\" height=\"314\" allowfullscreen=\"allowfullscreen\"><\/iframe><\/p>\n<p><iframe loading=\"lazy\" src=\"\/\/www.youtube.com\/embed\/BXxYZQ2nvEI\" width=\"560\" height=\"314\" allowfullscreen=\"allowfullscreen\"><\/iframe><\/p>\n<p><iframe loading=\"lazy\" src=\"\/\/www.youtube.com\/embed\/ThqHZU9RPYE\" width=\"560\" height=\"314\" allowfullscreen=\"allowfullscreen\"><\/iframe><\/p>\n<p><iframe loading=\"lazy\" src=\"\/\/www.youtube.com\/embed\/zpMeJj9urow\" width=\"560\" height=\"314\" allowfullscreen=\"allowfullscreen\"><\/iframe><\/p>\n<p>&nbsp;<\/p>\n<p><img loading=\"lazy\" decoding=\"async\" class=\"wp-image-325 alignleft\" src=\"http:\/\/www.gradski-muzej-krizevci.hr\/wp-content\/uploads\/2017\/01\/P5150166-300x224.jpg\" alt=\"\" width=\"307\" height=\"229\" srcset=\"http:\/\/www.gradski-muzej-krizevci.hr\/wp-content\/uploads\/2017\/01\/P5150166-300x224.jpg 300w, http:\/\/www.gradski-muzej-krizevci.hr\/wp-content\/uploads\/2017\/01\/P5150166-768x574.jpg 768w, http:\/\/www.gradski-muzej-krizevci.hr\/wp-content\/uploads\/2017\/01\/P5150166-1024x766.jpg 1024w, http:\/\/www.gradski-muzej-krizevci.hr\/wp-content\/uploads\/2017\/01\/P5150166.jpg 2041w\" sizes=\"auto, (max-width: 307px) 100vw, 307px\" \/><\/p>\n<p>U ovim specifi\u010dnim uvjetima Gradski muzej Kri\u017eevci i ove se godine uklju\u010dio u obilje\u017eavanje tradicionalne No\u0107i muzeja. Zbog pandemije ve\u0107ina programa odr\u017eati \u0107e se virtualno, no kao i svake godine posjetitelji \u0107e mo\u0107i u vremenu od 18 \u2013 21 sat obi\u0107i <strong><em>stalni postav Gradskog muzeja Kri\u017eevci<\/em><\/strong> u Ulici Tome Sermagea 2, naravno uz pridr\u017eavanje svih epidemiolo\u0161kih mjera te uz ograni\u010deni broj posjetitelja. Posjetitelji \u0107e mo\u0107i razgledati Arheolo\u0161ku zbirku, Zbirku starog oru\u017eja, Kulturno-povijesnu zbirku, Etnografsku zbirku, Sakralnu zbirku te Cehovsku zbirku i sobu posve\u0107enu znamenitim Kri\u017eev\u010danima.<\/p>\n<p><img loading=\"lazy\" decoding=\"async\" class=\"size-medium wp-image-618 alignleft\" src=\"http:\/\/www.gradski-muzej-krizevci.hr\/wp-content\/uploads\/2019\/05\/1-300x225.jpg\" alt=\"\" width=\"300\" height=\"225\" srcset=\"http:\/\/www.gradski-muzej-krizevci.hr\/wp-content\/uploads\/2019\/05\/1-300x225.jpg 300w, http:\/\/www.gradski-muzej-krizevci.hr\/wp-content\/uploads\/2019\/05\/1-768x576.jpg 768w, http:\/\/www.gradski-muzej-krizevci.hr\/wp-content\/uploads\/2019\/05\/1.jpg 1000w\" sizes=\"auto, (max-width: 300px) 100vw, 300px\" \/><\/p>\n<p>Tako\u0111er u vremenu od 18 \u2013 21 sat u prostorima <strong><em>Likovne galerije Gradskog muzeja Kri\u017eevci<\/em><\/strong>, Trg Antuna Nem\u010di\u0107a 6\/I, mo\u0107i \u0107e se razgledati izlo\u017eba <strong><em>Od cehova do \u010celika i nakon<\/em><\/strong>, tako\u0111er uz pridr\u017eavanje propisanih epidemiolo\u0161kih mjera. Postav izlo\u017ebe se prote\u017ee kroz \u010detiri izlaga\u010dke prostorije Likovne galerije Gradskog muzeja Kri\u017eevci, a na izlo\u017ebi se uz tekstove kojima\u00a0je predo\u010dena povijest cehova i tvrtke \u201c\u010celik\u201d, kao i uloga \u010celika u dru\u0161tvenom \u017eivotu Kri\u017eevaca i njegovih stanovnika, mogu vidjeti predmeti iz fundusa stalnog postava Gradskog muzeja Kri\u017eevci. Od brojnih izlo\u017eenih muzejskih eksponata \u00a0svakako vrijedi istaknuti cehovsku zastavu Velikog ceha iz 1859., nedavno restauriranu u Gradskom muzeju Vara\u017edin, zatim cehovske povelje Velikog ceha iz 1646. i 1819. godine, cimere kri\u017eeva\u010dkih kova\u010da i bravara te cehovske protokole iz 19. stolje\u0107a. Tvornica \u201c\u010celik\u201d predstavljena je predmetima prikupljenim donacijama &#8211; sportskim peharima, plaketama i diplomama koje svjedo\u010de o bogatom sportskom i kulturnom \u017eivotu \u201e\u010delikovaca\u201c, ali i uspje\u0161nom poslovanju i ulaganjima tvornice. Dru\u0161tveni \u017eivot do\u010daravaju brojne fotografije iz privatnih albuma biv\u0161ih radnika, a posebno se isti\u010du snimci i isje\u010dci iz novina koje potpisuje autor <strong>\u017deljko Hlebec<\/strong>.<\/p>\n<figure id=\"attachment_2741\" aria-describedby=\"caption-attachment-2741\" style=\"width: 415px\" class=\"wp-caption aligncenter\"><img loading=\"lazy\" decoding=\"async\" class=\"wp-image-2741 \" src=\"http:\/\/www.gradski-muzej-krizevci.hr\/wp-content\/uploads\/2020\/12\/20201217_112842-300x146.jpg\" alt=\"\" width=\"415\" height=\"202\" srcset=\"http:\/\/www.gradski-muzej-krizevci.hr\/wp-content\/uploads\/2020\/12\/20201217_112842-300x146.jpg 300w, http:\/\/www.gradski-muzej-krizevci.hr\/wp-content\/uploads\/2020\/12\/20201217_112842-1024x498.jpg 1024w, http:\/\/www.gradski-muzej-krizevci.hr\/wp-content\/uploads\/2020\/12\/20201217_112842-768x373.jpg 768w, http:\/\/www.gradski-muzej-krizevci.hr\/wp-content\/uploads\/2020\/12\/20201217_112842-1536x747.jpg 1536w, http:\/\/www.gradski-muzej-krizevci.hr\/wp-content\/uploads\/2020\/12\/20201217_112842-2048x996.jpg 2048w, http:\/\/www.gradski-muzej-krizevci.hr\/wp-content\/uploads\/2020\/12\/20201217_112842-1600x778.jpg 1600w\" sizes=\"auto, (max-width: 415px) 100vw, 415px\" \/><figcaption id=\"caption-attachment-2741\" class=\"wp-caption-text\">Martina Grli\u0107, Antonio Grgi\u0107<\/figcaption><\/figure>\n<p>Uz eksponate, vrijeme koje izlo\u017eba obuhva\u0107a interpretirano je djelima suvremenih umjetnika. Tako se na izlo\u017ebi mogu vidjeti dvije iz serije od \u0161est slika pod nazivom \u201c1971\u201d umjetnice <strong>Martine Grli\u0107<\/strong> koje prikazuju radnike za strojevima u tvorni\u010dkim pogonima. Na pet postamenata, oko kojih cirkulira postav, <strong>Antonio Grgi\u0107<\/strong> postavio je svoj novi rad pod nazivom \u201cTako se kalio \u010delik\u201d, koji se sastoji od poliptiha &#8211; digitalnog tiska na \u010deli\u010dnim plo\u010dama sastavljenog od fotografija socrealisti\u010dkog spomenika kipara Antuna Augustin\u010di\u0107a sru\u0161enog 1992. godine u Gradcu.<\/p>\n<figure id=\"attachment_2799\" aria-describedby=\"caption-attachment-2799\" style=\"width: 409px\" class=\"wp-caption aligncenter\"><img loading=\"lazy\" decoding=\"async\" class=\"wp-image-2799 \" src=\"http:\/\/www.gradski-muzej-krizevci.hr\/wp-content\/uploads\/2021\/01\/20210113_101749-300x146.jpg\" alt=\"\" width=\"409\" height=\"199\" srcset=\"http:\/\/www.gradski-muzej-krizevci.hr\/wp-content\/uploads\/2021\/01\/20210113_101749-300x146.jpg 300w, http:\/\/www.gradski-muzej-krizevci.hr\/wp-content\/uploads\/2021\/01\/20210113_101749-1024x498.jpg 1024w, http:\/\/www.gradski-muzej-krizevci.hr\/wp-content\/uploads\/2021\/01\/20210113_101749-768x373.jpg 768w, http:\/\/www.gradski-muzej-krizevci.hr\/wp-content\/uploads\/2021\/01\/20210113_101749-1536x747.jpg 1536w, http:\/\/www.gradski-muzej-krizevci.hr\/wp-content\/uploads\/2021\/01\/20210113_101749-2048x996.jpg 2048w, http:\/\/www.gradski-muzej-krizevci.hr\/wp-content\/uploads\/2021\/01\/20210113_101749-1600x778.jpg 1600w\" sizes=\"auto, (max-width: 409px) 100vw, 409px\" \/><figcaption id=\"caption-attachment-2799\" class=\"wp-caption-text\">Boris Cvjetanovi\u0107<\/figcaption><\/figure>\n<p>Serija od 36 fotografija i kratki film pod nazivom \u201cSje\u0107ajte se radnike\u201d <strong>Borisa Cvjetanovi\u0107a<\/strong> prenose atmosferu nedavno zate\u010denu u \u017deljezari Sisak, uz univerzalne motive odba\u010denih radni\u010dkih rukavica i praznih tvorni\u010dkih hala. Izlo\u017een je \u00a0sinopsis za nikada realizirani dokumentarno-eksperimentalni film <strong>Tomislava Gotovca<\/strong> \u201cOsamsatno radno vrijeme<em>\u201d,<\/em>\u00a0planiran kao film od jednog jedinog stati\u010dnog kadra u kojem promatramo radnika\/radnicu pri radu da bi se dobio \u201epotpuni dokument\u201c. Publika mo\u017ee vidjeti i filmove \u201dRadni\u010dka klasa\u201d <strong>Kristine Kojan Golu\u017ea<\/strong> te \u201cKako se kalio \u010delik\u201d umjetnika <strong>Igora Grubi\u0107a<\/strong> koji je predstavljao Hrvatsku na 58. Venecijskom bijenalu 2019. godine, u kojem animirani likovi vode gledatelja kroz postapokalipti\u010dne pejza\u017ee napu\u0161tenih tvorni\u010dkih pogona.<\/p>\n<figure id=\"attachment_2738\" aria-describedby=\"caption-attachment-2738\" style=\"width: 423px\" class=\"wp-caption aligncenter\"><img loading=\"lazy\" decoding=\"async\" class=\"wp-image-2738 \" src=\"http:\/\/www.gradski-muzej-krizevci.hr\/wp-content\/uploads\/2020\/12\/20201217_085901-300x146.jpg\" alt=\"\" width=\"423\" height=\"206\" srcset=\"http:\/\/www.gradski-muzej-krizevci.hr\/wp-content\/uploads\/2020\/12\/20201217_085901-300x146.jpg 300w, http:\/\/www.gradski-muzej-krizevci.hr\/wp-content\/uploads\/2020\/12\/20201217_085901-1024x498.jpg 1024w, http:\/\/www.gradski-muzej-krizevci.hr\/wp-content\/uploads\/2020\/12\/20201217_085901-768x373.jpg 768w, http:\/\/www.gradski-muzej-krizevci.hr\/wp-content\/uploads\/2020\/12\/20201217_085901-1536x747.jpg 1536w, http:\/\/www.gradski-muzej-krizevci.hr\/wp-content\/uploads\/2020\/12\/20201217_085901-2048x996.jpg 2048w, http:\/\/www.gradski-muzej-krizevci.hr\/wp-content\/uploads\/2020\/12\/20201217_085901-1600x778.jpg 1600w\" sizes=\"auto, (max-width: 423px) 100vw, 423px\" \/><figcaption id=\"caption-attachment-2738\" class=\"wp-caption-text\">Igor Grubi\u0107<\/figcaption><\/figure>\n<figure id=\"attachment_2740\" aria-describedby=\"caption-attachment-2740\" style=\"width: 427px\" class=\"wp-caption aligncenter\"><img loading=\"lazy\" decoding=\"async\" class=\" wp-image-2740\" src=\"http:\/\/www.gradski-muzej-krizevci.hr\/wp-content\/uploads\/2020\/12\/20201217_112812-300x146.jpg\" alt=\"\" width=\"427\" height=\"208\" srcset=\"http:\/\/www.gradski-muzej-krizevci.hr\/wp-content\/uploads\/2020\/12\/20201217_112812-300x146.jpg 300w, http:\/\/www.gradski-muzej-krizevci.hr\/wp-content\/uploads\/2020\/12\/20201217_112812-1024x498.jpg 1024w, http:\/\/www.gradski-muzej-krizevci.hr\/wp-content\/uploads\/2020\/12\/20201217_112812-768x373.jpg 768w, http:\/\/www.gradski-muzej-krizevci.hr\/wp-content\/uploads\/2020\/12\/20201217_112812-1536x747.jpg 1536w, http:\/\/www.gradski-muzej-krizevci.hr\/wp-content\/uploads\/2020\/12\/20201217_112812-2048x996.jpg 2048w, http:\/\/www.gradski-muzej-krizevci.hr\/wp-content\/uploads\/2020\/12\/20201217_112812-1600x778.jpg 1600w\" sizes=\"auto, (max-width: 427px) 100vw, 427px\" \/><figcaption id=\"caption-attachment-2740\" class=\"wp-caption-text\">Nenad Dan\u010duo, Dragutin Soka\u010d<\/figcaption><\/figure>\n<p>Niz monokromnih crte\u017ea polikolorom naziva \u201c<em>New age\u201d<\/em>\u00a0(Novo doba) umjetnika <strong>Nenada Dan\u010dua<\/strong> problematiziraju moralnu i politi\u010dku dezorijentaciju 90-ih godina 20. stolje\u0107a. Skicu za instalaciju predla\u017ee kri\u017eeva\u010dki umjetnik <strong>Sa\u0161a \u017divkovi\u0107<\/strong> pod nazivom\u00a0<em>\u010cELIKBA\u0160\u010cELIK<\/em>\u00a0gdje redefiniranjem logoa kri\u017eeva\u010dke tvornice \u201c\u010celik\u201d, kao simbola nekih arhai\u010dnih vremena, problematizira postsocijalisti\u010dko doba tranzicije u doba kapitalisti\u010dkog postindustrijskog dru\u0161tva. Likovni postav zavr\u0161ava s djelima kri\u017eeva\u010dkog rukotvorca i \u201c\u010delikovca\u201d <strong>Dragutina Soka\u010da<\/strong> koji je tehnikom varenja \u017eeljeza oblikovao skulpture manjeg formata koje prikazuju mu\u0161ke figure u pokretu i komunikaciji s predmetima geometrijskih oblika. U radovima pod nazivom \u201cFigura\u201d autor je neposredno zabilje\u017eio svoje suradnike u pokretu na radnom mjestu tvorni\u010dkih pogona.<\/p>\n<figure id=\"attachment_2739\" aria-describedby=\"caption-attachment-2739\" style=\"width: 447px\" class=\"wp-caption aligncenter\"><img loading=\"lazy\" decoding=\"async\" class=\" wp-image-2739\" src=\"http:\/\/www.gradski-muzej-krizevci.hr\/wp-content\/uploads\/2020\/12\/20201217_112801-300x146.jpg\" alt=\"\" width=\"447\" height=\"218\" srcset=\"http:\/\/www.gradski-muzej-krizevci.hr\/wp-content\/uploads\/2020\/12\/20201217_112801-300x146.jpg 300w, http:\/\/www.gradski-muzej-krizevci.hr\/wp-content\/uploads\/2020\/12\/20201217_112801-1024x498.jpg 1024w, http:\/\/www.gradski-muzej-krizevci.hr\/wp-content\/uploads\/2020\/12\/20201217_112801-768x373.jpg 768w, http:\/\/www.gradski-muzej-krizevci.hr\/wp-content\/uploads\/2020\/12\/20201217_112801-1536x747.jpg 1536w, http:\/\/www.gradski-muzej-krizevci.hr\/wp-content\/uploads\/2020\/12\/20201217_112801-2048x996.jpg 2048w, http:\/\/www.gradski-muzej-krizevci.hr\/wp-content\/uploads\/2020\/12\/20201217_112801-1600x778.jpg 1600w\" sizes=\"auto, (max-width: 447px) 100vw, 447px\" \/><figcaption id=\"caption-attachment-2739\" class=\"wp-caption-text\">Darko Bavoljak, Dragutin Soka\u010d, Dragutin Renari\u0107, Julije Csikos Sessia<\/figcaption><\/figure>\n<p>Izlo\u017eba je bila dobra prilika da se prika\u017eu djela iz fundusa Likovne zbirke Gradskog muzeja Kri\u017eevci, pa se tako u likovnom postavu izlo\u017ebe nalazi djelo s motivom iz \u017eeljezarske radionice slikara i grafi\u010dara <strong>Dragutina Renari\u0107a<\/strong> (1872. \u2013 1944.) nastalo 1941. tehnikom bakropisa, kao i akvarel\u00a0<strong>\u201c<\/strong>Radna akcija\u201d, djelo <strong>Julija Csikosa-Sessie<\/strong> (1898 \u2013 1978) nepoznate godine nastanka. Izlo\u017eba zavr\u0161ava radom \u201cBudu\u0107nost\u201d autora <strong>Darka Bavoljaka<\/strong>, koji na sedam fotografija prenosi kadrove zate\u010denih vizura za vrijeme ratnih razaranja na podru\u010dju Pakraca i Lipika 1992. godine o kojima svjedo\u010di motiv o\u0161te\u0107enih natpisa\/logoa tvornice simboli\u010dnog naziva \u201cBudu\u0107nost\u201d.<\/p>\n<p><img loading=\"lazy\" decoding=\"async\" class=\"wp-image-2722 aligncenter\" src=\"http:\/\/www.gradski-muzej-krizevci.hr\/wp-content\/uploads\/2020\/12\/petranovic7-300x207.jpg\" alt=\"\" width=\"390\" height=\"269\" srcset=\"http:\/\/www.gradski-muzej-krizevci.hr\/wp-content\/uploads\/2020\/12\/petranovic7-300x207.jpg 300w, http:\/\/www.gradski-muzej-krizevci.hr\/wp-content\/uploads\/2020\/12\/petranovic7-1024x708.jpg 1024w, http:\/\/www.gradski-muzej-krizevci.hr\/wp-content\/uploads\/2020\/12\/petranovic7-768x531.jpg 768w, http:\/\/www.gradski-muzej-krizevci.hr\/wp-content\/uploads\/2020\/12\/petranovic7-1536x1062.jpg 1536w, http:\/\/www.gradski-muzej-krizevci.hr\/wp-content\/uploads\/2020\/12\/petranovic7-2048x1416.jpg 2048w, http:\/\/www.gradski-muzej-krizevci.hr\/wp-content\/uploads\/2020\/12\/petranovic7-1600x1107.jpg 1600w\" sizes=\"auto, (max-width: 390px) 100vw, 390px\" \/><\/p>\n<figure id=\"attachment_2723\" aria-describedby=\"caption-attachment-2723\" style=\"width: 376px\" class=\"wp-caption aligncenter\"><img loading=\"lazy\" decoding=\"async\" class=\" wp-image-2723\" src=\"http:\/\/www.gradski-muzej-krizevci.hr\/wp-content\/uploads\/2020\/12\/petranovic7_rv-300x204.jpg\" alt=\"\" width=\"376\" height=\"256\" srcset=\"http:\/\/www.gradski-muzej-krizevci.hr\/wp-content\/uploads\/2020\/12\/petranovic7_rv-300x204.jpg 300w, http:\/\/www.gradski-muzej-krizevci.hr\/wp-content\/uploads\/2020\/12\/petranovic7_rv-1024x696.jpg 1024w, http:\/\/www.gradski-muzej-krizevci.hr\/wp-content\/uploads\/2020\/12\/petranovic7_rv-768x522.jpg 768w, http:\/\/www.gradski-muzej-krizevci.hr\/wp-content\/uploads\/2020\/12\/petranovic7_rv-1536x1044.jpg 1536w, http:\/\/www.gradski-muzej-krizevci.hr\/wp-content\/uploads\/2020\/12\/petranovic7_rv-2048x1392.jpg 2048w, http:\/\/www.gradski-muzej-krizevci.hr\/wp-content\/uploads\/2020\/12\/petranovic7_rv-1600x1088.jpg 1600w\" sizes=\"auto, (max-width: 376px) 100vw, 376px\" \/><figcaption id=\"caption-attachment-2723\" class=\"wp-caption-text\">Iz arhiva Branke Petranovi\u0107<\/figcaption><\/figure>\n<p>Posjetitelje od 29. sije\u010dnja i No\u0107i muzeja na na\u0161im stranicama o\u010dekuju dva virtualna predavanja \u2013 izlaganje <strong>Branka Franceschija<\/strong> koji \u0107e kao kustos re\u0107i vi\u0161e o nastanku, fokusu i realizaciji Prvog bijenala industrijske umjetnosti koji se odr\u017eao u Labinu 2014. kao projekt Labin Art Expressa XXI, dok \u0107e <strong>Alma Trauber<\/strong> kao vrijedan primjer cjelovite industrijske ba\u0161tine predstaviti projekt \u201cPark skulptura Sisak\u201d.<\/p>\n<p>Dizajn panoa i katalog izlo\u017ebe potpisuje dizajner <strong>Boris Greiner<\/strong>, a u katalogu \u0107e se, uz tekstove jednog od kustosa izlo\u017ebe <strong>Ozrena Blageca<\/strong> i stru\u010dne suradnice na izlo\u017ebi <strong>dr. sc. Jelke Vukobratovi\u0107<\/strong>, na\u0107i i \u010dlanak \u201cDru\u0161tveni kontekst \u010celika\u201d autora <strong>Sandra Novosela<\/strong>. Autorica projekta i likovnog postava, te kustosica izlo\u017ebe je ravnateljica Gradskog muzeja Kri\u017eevci <strong>Tea Hatadi<\/strong>.<\/p>\n<p>Djelatnici Gradskog muzeja Kri\u017eevci za ovu su prigodu pripremili i nekoliko video-uradaka kako bi muzejske prostore i svoj rad pribli\u017eili posjetiteljima u virtualnom obliku. Video naslovljen <strong><em>Vodstvo kroz arheolo\u0161ku zbirku<\/em><\/strong> prikazuje najzna\u010dajnije eksponate stalnog postava Arheolo\u0161ke zbirke, a pripremila ga je muzejska savjetnica mr. sc. Lana Okro\u0161a Ro\u017ei\u0107. Pri\u010du o Kri\u017eevcanki <strong><em>Magdi Logomer \u2013 Herucini<\/em><\/strong>, posljednjoj \u017eeni u Hrvatskoj protiv koje se vodio sudski postupak da je vje\u0161tica, priredio je vi\u0161i kustos Ozren Blagec. Nekoliko je videa posve\u0107eno izlo\u017ebi <strong><em>Od cehova do \u010celika<\/em><\/strong> <strong><em>i nakon<\/em><\/strong>\u00a0koje je pripremila autorica, kustosica Tea Hatadi. Video-uradci biti \u0107e dostupni putem poveznice ispod ovog teksta od 29. sije\u010dnja pa i nakon No\u0107i muzeja, kao za\u010detak projekta izrade edukativnih video materijala na temu Kri\u017eevaca i okolice.<\/p>\n<p>&nbsp;<\/p>\n","protected":false},"excerpt":{"rendered":"<p>NO\u0106 MUZEJA 2021 i GRADSKI MUZEJ KRI\u017dEVCI &nbsp; U ovim specifi\u010dnim uvjetima Gradski muzej Kri\u017eevci i ove se godine uklju\u010dio u obilje\u017eavanje tradicionalne No\u0107i muzeja. Zbog pandemije ve\u0107ina programa odr\u017eati&hellip;<\/p>\n","protected":false},"author":2,"featured_media":0,"parent":0,"menu_order":0,"comment_status":"closed","ping_status":"closed","template":"","meta":{"_bbp_topic_count":0,"_bbp_reply_count":0,"_bbp_total_topic_count":0,"_bbp_total_reply_count":0,"_bbp_voice_count":0,"_bbp_anonymous_reply_count":0,"_bbp_topic_count_hidden":0,"_bbp_reply_count_hidden":0,"_bbp_forum_subforum_count":0,"footnotes":""},"class_list":["post-2791","page","type-page","status-publish","hentry"],"_links":{"self":[{"href":"http:\/\/www.gradski-muzej-krizevci.hr\/index.php?rest_route=\/wp\/v2\/pages\/2791","targetHints":{"allow":["GET"]}}],"collection":[{"href":"http:\/\/www.gradski-muzej-krizevci.hr\/index.php?rest_route=\/wp\/v2\/pages"}],"about":[{"href":"http:\/\/www.gradski-muzej-krizevci.hr\/index.php?rest_route=\/wp\/v2\/types\/page"}],"author":[{"embeddable":true,"href":"http:\/\/www.gradski-muzej-krizevci.hr\/index.php?rest_route=\/wp\/v2\/users\/2"}],"replies":[{"embeddable":true,"href":"http:\/\/www.gradski-muzej-krizevci.hr\/index.php?rest_route=%2Fwp%2Fv2%2Fcomments&post=2791"}],"version-history":[{"count":16,"href":"http:\/\/www.gradski-muzej-krizevci.hr\/index.php?rest_route=\/wp\/v2\/pages\/2791\/revisions"}],"predecessor-version":[{"id":2806,"href":"http:\/\/www.gradski-muzej-krizevci.hr\/index.php?rest_route=\/wp\/v2\/pages\/2791\/revisions\/2806"}],"wp:attachment":[{"href":"http:\/\/www.gradski-muzej-krizevci.hr\/index.php?rest_route=%2Fwp%2Fv2%2Fmedia&parent=2791"}],"curies":[{"name":"wp","href":"https:\/\/api.w.org\/{rel}","templated":true}]}}