{"id":3875,"date":"2022-11-19T17:43:04","date_gmt":"2022-11-19T16:43:04","guid":{"rendered":"https:\/\/www.gradski-muzej-krizevci.hr\/?page_id=3875"},"modified":"2025-01-28T10:43:18","modified_gmt":"2025-01-28T09:43:18","slug":"publikacije","status":"publish","type":"page","link":"http:\/\/www.gradski-muzej-krizevci.hr\/?page_id=3875","title":{"rendered":"PUBLIKACIJE"},"content":{"rendered":"\r\n<div class=\"wp-block-group\">\r\n<p>\r\n\r\n<\/p>\r\n<div class=\"wp-block-columns is-layout-flex wp-container-core-columns-is-layout-9d6595d7 wp-block-columns-is-layout-flex\">\r\n<div class=\"wp-block-column is-layout-flow wp-block-column-is-layout-flow\">\r\n<figure class=\"wp-block-table is-style-stripes\">\r\n<table style=\"border-collapse: collapse; width: 100%; height: 408px;\">\r\n<tbody>\r\n<tr>\r\n<td style=\"width: 23.1332%;\">\u00a0<\/td>\r\n<td style=\"width: 76.8668%;\">\u00a0<\/td>\r\n<\/tr>\r\n<tr>\r\n<td style=\"width: 23.1332%;\"><img loading=\"lazy\" decoding=\"async\" class=\"alignnone size-full wp-image-6302\" src=\"http:\/\/www.gradski-muzej-krizevci.hr\/wp-content\/uploads\/2025\/01\/zagorecm.jpg\" alt=\"\" width=\"652\" height=\"800\" srcset=\"http:\/\/www.gradski-muzej-krizevci.hr\/wp-content\/uploads\/2025\/01\/zagorecm.jpg 652w, http:\/\/www.gradski-muzej-krizevci.hr\/wp-content\/uploads\/2025\/01\/zagorecm-245x300.jpg 245w\" sizes=\"auto, (max-width: 652px) 100vw, 652px\" \/><\/td>\r\n<td style=\"width: 76.8668%;\">\r\n<p><strong>Dalek. Dalji. <em>(Napokon)<\/em> Vis<\/strong><\/p>\r\n<p>Zrinka Zagorec (autor)<\/p>\r\n<p>Stanko Hercek (autor teksta)<\/p>\r\n<p>40 str., ilustr. u bojama, 26 cm<br \/>meki uvez<\/p>\r\n<p>ISBN: 978-953-8291-41-8<\/p>\r\n<p>Cijena:<\/p>\r\n<\/td>\r\n<\/tr>\r\n<tr>\r\n<td style=\"width: 23.1332%;\"><img loading=\"lazy\" decoding=\"async\" class=\"alignnone size-full wp-image-6300\" src=\"http:\/\/www.gradski-muzej-krizevci.hr\/wp-content\/uploads\/2025\/01\/rasicm.jpg\" alt=\"\" width=\"649\" height=\"800\" srcset=\"http:\/\/www.gradski-muzej-krizevci.hr\/wp-content\/uploads\/2025\/01\/rasicm.jpg 649w, http:\/\/www.gradski-muzej-krizevci.hr\/wp-content\/uploads\/2025\/01\/rasicm-243x300.jpg 243w\" sizes=\"auto, (max-width: 649px) 100vw, 649px\" \/><\/td>\r\n<td style=\"width: 76.8668%;\">\r\n<p><strong>Mijene : Radovi koje nisam napravio : 1001 pogled : Nana volim te<\/strong><\/p>\r\n<p>Ante Ra\u0161i\u0107 (autor)<\/p>\r\n<p>\u017deljko Marciu\u0161 (autor teksta)<\/p>\r\n<p>24 str., ilustr. u bojama, 26 cm<br \/>meki uvez<\/p>\r\n<p>ISBN: 978-953-8291-39-5<\/p>\r\n<p>Cijena:<\/p>\r\n<\/td>\r\n<\/tr>\r\n<tr style=\"height: 24px;\">\r\n<td style=\"width: 23.1332%; height: 24px;\"><img loading=\"lazy\" decoding=\"async\" class=\"alignnone size-full wp-image-6301\" src=\"http:\/\/www.gradski-muzej-krizevci.hr\/wp-content\/uploads\/2025\/01\/suffest09m.jpg\" alt=\"\" width=\"576\" height=\"800\" srcset=\"http:\/\/www.gradski-muzej-krizevci.hr\/wp-content\/uploads\/2025\/01\/suffest09m.jpg 576w, http:\/\/www.gradski-muzej-krizevci.hr\/wp-content\/uploads\/2025\/01\/suffest09m-216x300.jpg 216w\" sizes=\"auto, (max-width: 576px) 100vw, 576px\" \/><\/td>\r\n<td style=\"width: 76.8668%; height: 24px;\">\r\n<p><strong>SUFFEST 09<\/strong><\/p>\r\n<p>Sa\u0161a \u017divkovi\u0107 (autor teksta)<\/p>\r\n<p>Kri\u017eevci : Gradski muzej Kri\u017eevci, Udruga K.V.A.R.K. Kri\u017eevci, 2024.<\/p>\r\n<p>12 str., ilustr. u bojama, 21 cm<br \/>meki uvez<\/p>\r\n<p>ISBN: 978-953-8291-38-8<\/p>\r\n<p>Cijena:<\/p>\r\n<\/td>\r\n<\/tr>\r\n<tr style=\"height: 24px;\">\r\n<td style=\"width: 23.1332%; height: 24px;\"><img loading=\"lazy\" decoding=\"async\" class=\"alignnone size-medium wp-image-5985\" src=\"http:\/\/www.gradski-muzej-krizevci.hr\/wp-content\/uploads\/2024\/09\/kirin-241x300.jpg\" alt=\"\" width=\"241\" height=\"300\" srcset=\"http:\/\/www.gradski-muzej-krizevci.hr\/wp-content\/uploads\/2024\/09\/kirin-241x300.jpg 241w, http:\/\/www.gradski-muzej-krizevci.hr\/wp-content\/uploads\/2024\/09\/kirin.jpg 600w\" sizes=\"auto, (max-width: 241px) 100vw, 241px\" \/><\/td>\r\n<td style=\"width: 76.8668%; height: 24px;\">\r\n<p><strong>Prema slobodi postojanja<\/strong><\/p>\r\n<p>Kristina Kirin (autor)<\/p>\r\n<p>Tea Hatadi (autor teksta)<\/p>\r\n<p>ilustr. u bojama, 26 cm<br \/>ISBN: 978-953-8291-36-4<\/p>\r\n<p>Cijena: 4 Eur<\/p>\r\n<\/td>\r\n<\/tr>\r\n<tr style=\"height: 24px;\">\r\n<td style=\"width: 23.1332%; height: 24px;\"><img loading=\"lazy\" decoding=\"async\" class=\"alignnone size-medium wp-image-5799\" src=\"http:\/\/www.gradski-muzej-krizevci.hr\/wp-content\/uploads\/2024\/05\/eliana_ota-242x300.jpg\" alt=\"\" width=\"242\" height=\"300\" srcset=\"http:\/\/www.gradski-muzej-krizevci.hr\/wp-content\/uploads\/2024\/05\/eliana_ota-242x300.jpg 242w, http:\/\/www.gradski-muzej-krizevci.hr\/wp-content\/uploads\/2024\/05\/eliana_ota.jpg 644w\" sizes=\"auto, (max-width: 242px) 100vw, 242px\" \/><\/td>\r\n<td style=\"width: 76.8668%; height: 24px;\">\r\n<p><strong>Sentient beings<\/strong><\/p>\r\n<p>Aliana Otta (autor)<\/p>\r\n<p>Tea Hatadi (autor teksta)<\/p>\r\n<p>Kri\u017eevci : Gradski muzej Kri\u017eevci, 2024.<br \/>12 str., ilustr. u bojama, 26 cm<br \/>meki uvez<\/p>\r\n<p>ISBN: 978-953-8291-35-7<\/p>\r\n<p>Cijena: 7 Eur<\/p>\r\n<\/td>\r\n<\/tr>\r\n<tr style=\"height: 24px;\">\r\n<td style=\"width: 23.1332%; height: 24px;\"><img loading=\"lazy\" decoding=\"async\" class=\"alignnone size-medium wp-image-5800\" src=\"http:\/\/www.gradski-muzej-krizevci.hr\/wp-content\/uploads\/2024\/05\/fijolic_patuljak-243x300.jpg\" alt=\"\" width=\"243\" height=\"300\" srcset=\"http:\/\/www.gradski-muzej-krizevci.hr\/wp-content\/uploads\/2024\/05\/fijolic_patuljak-243x300.jpg 243w, http:\/\/www.gradski-muzej-krizevci.hr\/wp-content\/uploads\/2024\/05\/fijolic_patuljak.jpg 647w\" sizes=\"auto, (max-width: 243px) 100vw, 243px\" \/><\/td>\r\n<td style=\"width: 76.8668%; height: 24px;\">\r\n<p><strong>Patuljak<\/strong><\/p>\r\n<p>Ivan Fijoli\u0107 (autor)<\/p>\r\n<p>Tea Hatadi (autor teksta)<\/p>\r\n<p>Kri\u017eevci : Gradski muzej Kri\u017eevci, 2024.<br \/>12 str., ilustr. u bojama, 26 cm<br \/>meki uvez<\/p>\r\n<p>ISBN: 978-953-8291-34-0<\/p>\r\n<p>Cijena: 7 Eur<\/p>\r\n<\/td>\r\n<\/tr>\r\n<tr style=\"height: 24px;\">\r\n<td style=\"width: 23.1332%; height: 24px;\"><img loading=\"lazy\" decoding=\"async\" class=\"alignnone size-medium wp-image-5802\" src=\"http:\/\/www.gradski-muzej-krizevci.hr\/wp-content\/uploads\/2024\/05\/vise_nije_manje-243x300.jpg\" alt=\"\" width=\"243\" height=\"300\" srcset=\"http:\/\/www.gradski-muzej-krizevci.hr\/wp-content\/uploads\/2024\/05\/vise_nije_manje-243x300.jpg 243w, http:\/\/www.gradski-muzej-krizevci.hr\/wp-content\/uploads\/2024\/05\/vise_nije_manje.jpg 649w\" sizes=\"auto, (max-width: 243px) 100vw, 243px\" \/><\/td>\r\n<td style=\"width: 76.8668%; height: 24px;\">\r\n<p><strong>Vi\u0161e nije (uvijek) manje<\/strong><\/p>\r\n<p>Marijan \u0160poljar (autor teksta)<\/p>\r\n<p>Kri\u017eevci : Gradski muzej Kri\u017eevci, 2024.<br \/>4 str., ilustr. u bojama, 26 cm<br \/>meki uvez<\/p>\r\n<p>ISBN: 978-953-8291-33-3<\/p>\r\n<p>Cijena: 7 Eur<\/p>\r\n<\/td>\r\n<\/tr>\r\n<tr style=\"height: 24px;\">\r\n<td style=\"width: 23.1332%; height: 24px;\"><img loading=\"lazy\" decoding=\"async\" class=\"alignnone size-medium wp-image-5801\" src=\"http:\/\/www.gradski-muzej-krizevci.hr\/wp-content\/uploads\/2024\/05\/marta_radman-244x300.jpg\" alt=\"\" width=\"244\" height=\"300\" srcset=\"http:\/\/www.gradski-muzej-krizevci.hr\/wp-content\/uploads\/2024\/05\/marta_radman-244x300.jpg 244w, http:\/\/www.gradski-muzej-krizevci.hr\/wp-content\/uploads\/2024\/05\/marta_radman.jpg 651w\" sizes=\"auto, (max-width: 244px) 100vw, 244px\" \/><\/td>\r\n<td style=\"width: 76.8668%; height: 24px;\">\r\n<p><strong>Otkrivena drugost<\/strong><\/p>\r\n<p>Marta Radman (autor)<\/p>\r\n<p>Marta Radman (autor teksta)<\/p>\r\n<p>Kri\u017eevci : Gradski muzej Kri\u017eevci, 2024.<br \/>4 str., ilustr. u bojama, 26 cm<br \/>meki uvez<\/p>\r\n<p>ISBN: 978-953-8291-32-6<\/p>\r\n<p>Cijena: 7 Eur<\/p>\r\n<\/td>\r\n<\/tr>\r\n<tr style=\"height: 24px;\">\r\n<td style=\"width: 23.1332%; height: 24px;\"><img loading=\"lazy\" decoding=\"async\" class=\"alignnone size-medium wp-image-5984\" src=\"http:\/\/www.gradski-muzej-krizevci.hr\/wp-content\/uploads\/2024\/09\/suff-213x300.jpg\" alt=\"\" width=\"213\" height=\"300\" srcset=\"http:\/\/www.gradski-muzej-krizevci.hr\/wp-content\/uploads\/2024\/09\/suff-213x300.jpg 213w, http:\/\/www.gradski-muzej-krizevci.hr\/wp-content\/uploads\/2024\/09\/suff.jpg 600w\" sizes=\"auto, (max-width: 213px) 100vw, 213px\" \/><\/td>\r\n<td style=\"width: 76.8668%; height: 24px;\">\r\n<p><strong>Festival suvremenih umjetni\u010dkih formi<\/strong><\/p>\r\n<p>Kri\u017eevci : Gradski muzej Kri\u017eevci, 2023.<br \/>8 str., ilustr. u bojama, 21 cm<br \/>meki uvez<\/p>\r\n<p>ISBN: 978-953-8291-31-9<\/p>\r\n<p>Cijena: 4 Eur<\/p>\r\n<\/td>\r\n<\/tr>\r\n<tr style=\"height: 240px;\">\r\n<td style=\"width: 23.1332%; height: 240px;\"><img loading=\"lazy\" decoding=\"async\" class=\"alignnone size-medium wp-image-5983\" src=\"http:\/\/www.gradski-muzej-krizevci.hr\/wp-content\/uploads\/2024\/09\/muscet-212x300.jpg\" alt=\"\" width=\"212\" height=\"300\" srcset=\"http:\/\/www.gradski-muzej-krizevci.hr\/wp-content\/uploads\/2024\/09\/muscet-212x300.jpg 212w, http:\/\/www.gradski-muzej-krizevci.hr\/wp-content\/uploads\/2024\/09\/muscet.jpg 600w\" sizes=\"auto, (max-width: 212px) 100vw, 212px\" \/><\/td>\r\n<td style=\"width: 76.8668%; height: 240px;\">\r\n<p><strong>Dobre namjere \/ Good intentions<\/strong><\/p>\r\n<p>Ana Mu\u0161\u0107et (autor)<\/p>\r\n<p>Ana Mu\u0161\u0107et, Sonja Lebo\u0161 (autorice teksta)<\/p>\r\n<p>Kri\u017eevci : Gradski muzej Kri\u017eevci, 2023.<br \/>ISBN: 978-953-8291-30-2<\/p>\r\n<p>Cijena: 4 Eur<\/p>\r\n<\/td>\r\n<\/tr>\r\n<\/tbody>\r\n<\/table>\r\n<table width=\"1160\">\r\n<tbody>\r\n<tr>\r\n<td><img loading=\"lazy\" decoding=\"async\" class=\"alignnone size-medium wp-image-4266\" src=\"http:\/\/www.gradski-muzej-krizevci.hr\/wp-content\/uploads\/2022\/09\/Arheologija-kz_plakat.jpg\" alt=\"\" width=\"1\" height=\"1\" \/><img loading=\"lazy\" decoding=\"async\" class=\"alignnone size-medium wp-image-5276\" src=\"http:\/\/www.gradski-muzej-krizevci.hr\/wp-content\/uploads\/2023\/09\/galas_retrospektiva-243x300.jpg\" alt=\"\" width=\"243\" height=\"300\" srcset=\"http:\/\/www.gradski-muzej-krizevci.hr\/wp-content\/uploads\/2023\/09\/galas_retrospektiva-243x300.jpg 243w, http:\/\/www.gradski-muzej-krizevci.hr\/wp-content\/uploads\/2023\/09\/galas_retrospektiva-828x1024.jpg 828w, http:\/\/www.gradski-muzej-krizevci.hr\/wp-content\/uploads\/2023\/09\/galas_retrospektiva-768x949.jpg 768w, http:\/\/www.gradski-muzej-krizevci.hr\/wp-content\/uploads\/2023\/09\/galas_retrospektiva-1243x1536.jpg 1243w, http:\/\/www.gradski-muzej-krizevci.hr\/wp-content\/uploads\/2023\/09\/galas_retrospektiva-1657x2048.jpg 1657w\" sizes=\"auto, (max-width: 243px) 100vw, 243px\" \/><\/td>\r\n<td>\r\n<p><strong>Retrospektiva nagra\u0111enih radova<\/strong><\/p>\r\n<p><strong>Igor Gala\u0161<\/strong><\/p>\r\n<p>Elizabeta Wagner (autorica teksta)<br \/>Kri\u017eevci : Gradski muzej Kri\u017eevci, 2023.<br \/>36 str., ilustr. u bojama, 24 cm<br \/>meki uvez<br \/>ISBN: 978-953-8291-28-9<br \/><br \/>Cijena:\u00a0 7\u00a0 Eur<\/p>\r\n<\/td>\r\n<\/tr>\r\n<tr>\r\n<td><img loading=\"lazy\" decoding=\"async\" class=\"alignnone size-medium wp-image-5277\" src=\"http:\/\/www.gradski-muzej-krizevci.hr\/wp-content\/uploads\/2023\/09\/sibl_odiseja-241x300.jpg\" alt=\"\" width=\"241\" height=\"300\" srcset=\"http:\/\/www.gradski-muzej-krizevci.hr\/wp-content\/uploads\/2023\/09\/sibl_odiseja-241x300.jpg 241w, http:\/\/www.gradski-muzej-krizevci.hr\/wp-content\/uploads\/2023\/09\/sibl_odiseja-824x1024.jpg 824w, http:\/\/www.gradski-muzej-krizevci.hr\/wp-content\/uploads\/2023\/09\/sibl_odiseja-768x955.jpg 768w, http:\/\/www.gradski-muzej-krizevci.hr\/wp-content\/uploads\/2023\/09\/sibl_odiseja-1236x1536.jpg 1236w, http:\/\/www.gradski-muzej-krizevci.hr\/wp-content\/uploads\/2023\/09\/sibl_odiseja-1648x2048.jpg 1648w\" sizes=\"auto, (max-width: 241px) 100vw, 241px\" \/><\/td>\r\n<td>\r\n<p><strong>Odiseja \u00a0 \u00a0 \u00a0 \u00a0 \u00a0 \u00a0 \u00a0 \u00a0 \u00a0 \u00a0 \u00a0 \u00a0 \u00a0 \u00a0 \u00a0 \u00a0 \u00a0 \u00a0 \u00a0 \u00a0 \u00a0 \u00a0 \u00a0 \u00a0 \u00a0 \u00a0 \u00a0 \u00a0 \u00a0 \u00a0 \u00a0 \u00a0 \u00a0 \u00a0 \u00a0 \u00a0 \u00a0 \u00a0 \u00a0 \u00a0\u00a0 \u00a0\u00a0\u00a0\u00a0\u00a0\u00a0\u00a0\u00a0\u00a0\u00a0\u00a0\u00a0\u00a0\u00a0\u00a0\u00a0\u00a0\u00a0\u00a0\u00a0\u00a0\u00a0\u00a0\u00a0\u00a0\u00a0\u00a0\u00a0\u00a0\u00a0\u00a0\u00a0\u00a0\u00a0\u00a0\u00a0\u00a0\u00a0\u00a0\u00a0\u00a0\u00a0\u00a0\u00a0\u00a0\u00a0\u00a0\u00a0\u00a0\u00a0\u00a0\u00a0\u00a0\u00a0\u00a0\u00a0\u00a0\u00a0\u00a0\u00a0\u00a0\u00a0\u00a0\u00a0\u00a0\u00a0\u00a0\u00a0\u00a0\u00a0\u00a0\u00a0\u00a0\u00a0\u00a0\u00a0\u00a0\u00a0 <br \/><\/strong><\/p>\r\n<p><strong>Du\u0161ko \u0160ibl \u00a0 <\/strong>\u00a0 <br \/><br \/>Elizabeta Wagner (autorica teksta)<br \/>Kri\u017eevci : Gradski muzej Kri\u017eevci, 2023.<br \/>24 str., ilustr. u bojama, 24 cm<br \/>meki uvez<br \/>ISBN: 978-953-8291-27-2<\/p>\r\n<p>Cijena: 37,67 kn \/ 5 Eur<\/p>\r\n<\/td>\r\n<\/tr>\r\n<\/tbody>\r\n<\/table>\r\n<table style=\"height: 666px;\" width=\"891\">\r\n<tbody>\r\n<tr>\r\n<td><img loading=\"lazy\" decoding=\"async\" class=\"alignnone size-medium wp-image-4266\" src=\"http:\/\/www.gradski-muzej-krizevci.hr\/wp-content\/uploads\/2022\/09\/Arheologija-kz_plakat.jpg\" alt=\"\" width=\"1\" height=\"1\" \/><img loading=\"lazy\" decoding=\"async\" class=\"alignnone size-medium wp-image-5274\" src=\"http:\/\/www.gradski-muzej-krizevci.hr\/wp-content\/uploads\/2023\/09\/hotel_kalnik-242x300.jpg\" alt=\"\" width=\"242\" height=\"300\" srcset=\"http:\/\/www.gradski-muzej-krizevci.hr\/wp-content\/uploads\/2023\/09\/hotel_kalnik-242x300.jpg 242w, http:\/\/www.gradski-muzej-krizevci.hr\/wp-content\/uploads\/2023\/09\/hotel_kalnik-825x1024.jpg 825w, http:\/\/www.gradski-muzej-krizevci.hr\/wp-content\/uploads\/2023\/09\/hotel_kalnik-768x953.jpg 768w, http:\/\/www.gradski-muzej-krizevci.hr\/wp-content\/uploads\/2023\/09\/hotel_kalnik-1237x1536.jpg 1237w, http:\/\/www.gradski-muzej-krizevci.hr\/wp-content\/uploads\/2023\/09\/hotel_kalnik-1650x2048.jpg 1650w\" sizes=\"auto, (max-width: 242px) 100vw, 242px\" \/><\/td>\r\n<td>\r\n<p><strong>50 godina Hotela &#8220;Kalnik&#8221; Kri\u017eevci<\/strong>\u00a0<\/p>\r\n<p>Damjan Abou Aldan (autor)<br \/>Damjan Abou Aldan (autor teksta)<br \/>Kri\u017eevci : Gradski muzej Kri\u017eevci, 2023.<br \/>52 str., ilustr. u bojama, 24 cm<br \/>meki uvez<br \/>ISBN: 978-953-8291-26-5<br \/><br \/>Cijena:\u00a0 7 Eur<\/p>\r\n<\/td>\r\n<\/tr>\r\n<tr>\r\n<td><img loading=\"lazy\" decoding=\"async\" class=\"alignnone size-medium wp-image-5278\" src=\"http:\/\/www.gradski-muzej-krizevci.hr\/wp-content\/uploads\/2023\/09\/perspektiva-246x300.jpg\" alt=\"\" width=\"246\" height=\"300\" srcset=\"http:\/\/www.gradski-muzej-krizevci.hr\/wp-content\/uploads\/2023\/09\/perspektiva-246x300.jpg 246w, http:\/\/www.gradski-muzej-krizevci.hr\/wp-content\/uploads\/2023\/09\/perspektiva-838x1024.jpg 838w, http:\/\/www.gradski-muzej-krizevci.hr\/wp-content\/uploads\/2023\/09\/perspektiva-768x938.jpg 768w, http:\/\/www.gradski-muzej-krizevci.hr\/wp-content\/uploads\/2023\/09\/perspektiva-1258x1536.jpg 1258w, http:\/\/www.gradski-muzej-krizevci.hr\/wp-content\/uploads\/2023\/09\/perspektiva-1677x2048.jpg 1677w\" sizes=\"auto, (max-width: 246px) 100vw, 246px\" \/><\/td>\r\n<td>\r\n<p><strong>\u017denska i mu\u0161ka perspektiva <\/strong><\/p>\r\n<p><strong>u naivnom slikarstvu\u00a0\u00a0\u00a0\u00a0\u00a0\u00a0\u00a0\u00a0\u00a0\u00a0\u00a0\u00a0\u00a0\u00a0\u00a0\u00a0\u00a0\u00a0\u00a0\u00a0\u00a0\u00a0\u00a0\u00a0\u00a0\u00a0\u00a0\u00a0\u00a0\u00a0\u00a0\u00a0\u00a0\u00a0\u00a0\u00a0\u00a0\u00a0\u00a0\u00a0\u00a0\u00a0\u00a0\u00a0\u00a0\u00a0\u00a0\u00a0\u00a0\u00a0\u00a0\u00a0\u00a0\u00a0\u00a0\u00a0\u00a0\u00a0\u00a0\u00a0\u00a0\u00a0\u00a0\u00a0\u00a0\u00a0\u00a0\u00a0\u00a0\u00a0\u00a0\u00a0\u00a0\u00a0\u00a0\u00a0\u00a0\u00a0\u00a0 <br \/><\/strong><\/p>\r\n<p><strong>\u0110ur\u0111ica Balog i Pero Topljak\u00a0\u00a0\u00a0\u00a0<\/strong>\u00a0 <br \/><br \/>Tea Hatadi (autor)<br \/>Tea Hatadi (autor teksta)<br \/>Kri\u017eevci : Gradski muzej Kri\u017eevci, 2023.<br \/>24 str., ilustr. u bojama, 24 cm<br \/>meki uvez<br \/>ISBN: 978-953-8291-25-8<\/p>\r\n<p>Cijena:\u00a0 5 Eur<\/p>\r\n<\/td>\r\n<\/tr>\r\n<\/tbody>\r\n<\/table>\r\n<table style=\"height: 695px;\" width=\"831\">\r\n<tbody>\r\n<tr>\r\n<td><img loading=\"lazy\" decoding=\"async\" class=\"alignnone size-medium wp-image-4266\" src=\"http:\/\/www.gradski-muzej-krizevci.hr\/wp-content\/uploads\/2022\/09\/Arheologija-kz_plakat.jpg\" alt=\"\" width=\"1\" height=\"1\" \/><img loading=\"lazy\" decoding=\"async\" class=\"alignnone size-medium wp-image-5275\" src=\"http:\/\/www.gradski-muzej-krizevci.hr\/wp-content\/uploads\/2023\/09\/zenski_svijet-244x300.jpg\" alt=\"\" width=\"244\" height=\"300\" srcset=\"http:\/\/www.gradski-muzej-krizevci.hr\/wp-content\/uploads\/2023\/09\/zenski_svijet-244x300.jpg 244w, http:\/\/www.gradski-muzej-krizevci.hr\/wp-content\/uploads\/2023\/09\/zenski_svijet-834x1024.jpg 834w, http:\/\/www.gradski-muzej-krizevci.hr\/wp-content\/uploads\/2023\/09\/zenski_svijet-768x944.jpg 768w, http:\/\/www.gradski-muzej-krizevci.hr\/wp-content\/uploads\/2023\/09\/zenski_svijet-1250x1536.jpg 1250w, http:\/\/www.gradski-muzej-krizevci.hr\/wp-content\/uploads\/2023\/09\/zenski_svijet-1667x2048.jpg 1667w\" sizes=\"auto, (max-width: 244px) 100vw, 244px\" \/><\/td>\r\n<td>\r\n<p><strong>\u017denski svijet<\/strong><\/p>\r\n<p><strong>Jelena Bra\u010dun i Ida Loher<\/strong><br \/>\u00a0<br \/>Tea Hatadi (autorica teksta)<br \/>Kri\u017eevci : Gradski muzej Kri\u017eevci, 2023.<br \/>24 str., ilustr. u bojama, 24 cm<br \/>meki uvez<br \/>ISBN: 978-953-8291-24-1<br \/><br \/>Cijena: 5 Eur<\/p>\r\n<\/td>\r\n<\/tr>\r\n<tr>\r\n<td><img loading=\"lazy\" decoding=\"async\" class=\"size-medium wp-image-5279 alignnone\" src=\"http:\/\/www.gradski-muzej-krizevci.hr\/wp-content\/uploads\/2023\/09\/revizija_zena-245x300.jpg\" alt=\"\" width=\"245\" height=\"300\" srcset=\"http:\/\/www.gradski-muzej-krizevci.hr\/wp-content\/uploads\/2023\/09\/revizija_zena-245x300.jpg 245w, http:\/\/www.gradski-muzej-krizevci.hr\/wp-content\/uploads\/2023\/09\/revizija_zena-837x1024.jpg 837w, http:\/\/www.gradski-muzej-krizevci.hr\/wp-content\/uploads\/2023\/09\/revizija_zena-768x939.jpg 768w, http:\/\/www.gradski-muzej-krizevci.hr\/wp-content\/uploads\/2023\/09\/revizija_zena-1256x1536.jpg 1256w, http:\/\/www.gradski-muzej-krizevci.hr\/wp-content\/uploads\/2023\/09\/revizija_zena-1675x2048.jpg 1675w\" sizes=\"auto, (max-width: 245px) 100vw, 245px\" \/><\/td>\r\n<td><strong>&#8220;Revizija &#8216;\u017dena'&#8221; &#8211; 70 godina Gradskog muzeja Kri\u017eevci<\/strong> <br \/><br \/>Branko Franceschi i Tea Hatadi (autor)<br \/>Branko Franceschi i Tea Hatadi (autori tekstova)<br \/>Kri\u017eevci : Gradski muzej Kri\u017eevci, 2023.<br \/>52 str., ilustr. u bojama, 24 cm<br \/>meki uvez<br \/>ISBN: 978-953-8291-23-4<br \/>\r\n<p>Cijena:\u00a0 7\u00a0 Eur<\/p>\r\n<\/td>\r\n<\/tr>\r\n<\/tbody>\r\n<\/table>\r\n<\/figure>\r\n<\/div>\r\n<\/div>\r\n\r\n\r\n\r\n<div class=\"wp-block-columns is-layout-flex wp-container-core-columns-is-layout-9d6595d7 wp-block-columns-is-layout-flex\">\r\n<div class=\"wp-block-column is-layout-flow wp-block-column-is-layout-flow\" style=\"flex-basis: 100%;\">\r\n<figure class=\"wp-block-table is-style-stripes\">\r\n<table>\r\n<tbody>\r\n<tr>\r\n<td><img loading=\"lazy\" decoding=\"async\" class=\"alignnone size-medium wp-image-4266\" src=\"http:\/\/www.gradski-muzej-krizevci.hr\/wp-content\/uploads\/2022\/09\/Arheologija-kz_plakat.jpg\" alt=\"\" width=\"1\" height=\"1\" \/><img loading=\"lazy\" decoding=\"async\" class=\"alignnone  wp-image-4266\" src=\"http:\/\/www.gradski-muzej-krizevci.hr\/wp-content\/uploads\/2022\/09\/Arheologija-kz_plakat.jpg\" alt=\"\" width=\"229\" height=\"320\" \/><\/td>\r\n<td>\r\n<p><strong>80 godina arheologije na kri\u017eeva\u010dkom podru\u010dju &#8211; <\/strong><\/p>\r\n<p><strong>70 godina Gradskog muzeja Kri\u017eevci<\/strong> <br \/>\u00a0<br \/>Lana Okro\u0161a Ro\u017ei\u0107 (autor)<br \/>Kri\u017eevci : Gradski muzej Kri\u017eevci, 2022.<br \/>64 str., ilustr. u bojama, 24 cm<br \/>meki uvez<br \/>ISBN: 978-953-8291-22-7<br \/><br \/>Cijena:\u00a0 7 Eur<\/p>\r\n<\/td>\r\n<\/tr>\r\n<tr>\r\n<td><img loading=\"lazy\" decoding=\"async\" class=\"alignnone  wp-image-4088\" src=\"http:\/\/www.gradski-muzej-krizevci.hr\/wp-content\/uploads\/2022\/06\/put_cipke_web-242x300.jpg\" alt=\"\" width=\"225\" height=\"279\" srcset=\"http:\/\/www.gradski-muzej-krizevci.hr\/wp-content\/uploads\/2022\/06\/put_cipke_web-242x300.jpg 242w, http:\/\/www.gradski-muzej-krizevci.hr\/wp-content\/uploads\/2022\/06\/put_cipke_web.jpg 646w\" sizes=\"auto, (max-width: 225px) 100vw, 225px\" \/><\/td>\r\n<td><strong>Put \u010dipke &#8211; 70 godina Gradskog muzeja Kri\u017eevci<\/strong> <br \/><br \/>Vesna Per\u0161i\u0107 Kova\u010d (autor)<br \/>Ivan Vinkovi\u0107, Vesna Per\u0161i\u0107 Kova\u010d, Ljiljana Stanko (autori tekstova)<br \/>Kri\u017eevci : Gradski muzej Kri\u017eevci, 2022.<br \/>64 str., ilustr. u bojama, 24 cm<br \/>meki uvez<br \/>ISBN: 978-953-8291-21-0\r\n<p>Cijena:\u00a0 7 Eur<\/p>\r\n<\/td>\r\n<\/tr>\r\n<tr>\r\n<td><img loading=\"lazy\" decoding=\"async\" class=\"alignnone  wp-image-3859\" src=\"http:\/\/www.gradski-muzej-krizevci.hr\/wp-content\/uploads\/2022\/04\/CKB-214x300.jpg\" alt=\"\" width=\"215\" height=\"302\" srcset=\"http:\/\/www.gradski-muzej-krizevci.hr\/wp-content\/uploads\/2022\/04\/CKB-214x300.jpg 214w, http:\/\/www.gradski-muzej-krizevci.hr\/wp-content\/uploads\/2022\/04\/CKB.jpg 651w\" sizes=\"auto, (max-width: 215px) 100vw, 215px\" \/><\/td>\r\n<td><strong>\u010cuvar kri\u017eeva\u010dke ba\u0161tine \u2013 70 godina Gradskog muzeja Kri\u017eevci<\/strong> \u00a0<br \/><br \/>Ozren Blagec (autor)<br \/>Kri\u017eevci : Gradski muzej Kri\u017eevci, 2022.<br \/>100 str., ilustr. u bojama, 24 cm<br \/>meki uvez<br \/>ISBN: 978-953-8291-20-3<br \/><br \/>Cijena: <del>10 Eur<\/del> popust 30 % (52,74 kn \/ 7 Eur)<\/td>\r\n<\/tr>\r\n<tr>\r\n<td><img loading=\"lazy\" decoding=\"async\" class=\"alignnone size-medium wp-image-3860\" src=\"http:\/\/www.gradski-muzej-krizevci.hr\/wp-content\/uploads\/2022\/04\/palosika-211x300.jpg\" alt=\"\" width=\"211\" height=\"300\" srcset=\"http:\/\/www.gradski-muzej-krizevci.hr\/wp-content\/uploads\/2022\/04\/palosika-211x300.jpg 211w, http:\/\/www.gradski-muzej-krizevci.hr\/wp-content\/uploads\/2022\/04\/palosika.jpg 638w\" sizes=\"auto, (max-width: 211px) 100vw, 211px\" \/><\/td>\r\n<td><strong>Kri\u017eevci u filateliji \u2013 iz zbirke Vladimira Palo\u0161ike<\/strong> \u00a0<br \/><br \/>Vladimir Palo\u0161ika (autor)<br \/>Kri\u017eevci : Gradski muzej Kri\u017eevci, 2022.<br \/>24 str., ilustr. u bojama, 30 cm<br \/>meki uvez<br \/>ISBN: 978-953-8291-16-6<br \/><br \/>Cijena:\u00a0 5 Eur<\/td>\r\n<\/tr>\r\n<tr>\r\n<td><img loading=\"lazy\" decoding=\"async\" class=\"\" src=\"http:\/\/www.gradski-muzej-krizevci.hr\/wp-content\/uploads\/2021\/12\/IMG-20211213-WA0006-300x211.jpg\" alt=\"\" width=\"244\" height=\"171\" \/><\/td>\r\n<td><strong>Zvonimir Balog<br \/><\/strong><br \/>Marijan \u0160poljar (autor teksta)<br \/>Kri\u017eevci : Gradski muzej Kri\u017eevci, 2021.<br \/>26 str., ilustr. u bojama, 24 cm<br \/>meki uvez<br \/>ISBN: 978-953-8291-21-0<br \/><br \/>Cijena:\u00a0 5 Eur<\/td>\r\n<\/tr>\r\n<tr>\r\n<td><img loading=\"lazy\" decoding=\"async\" class=\"\" src=\"http:\/\/www.gradski-muzej-krizevci.hr\/wp-content\/uploads\/2021\/11\/1-Ivica-Malcic_Imam-slike-da-me-zastite-300x272.jpg\" alt=\"\" width=\"225\" height=\"204\" \/><\/td>\r\n<td><strong>Dante 700 &#8211; I u paklu mo\u017ee biti dobro?<br \/><\/strong><br \/>Elizabeta Wagner (autor)<br \/>Kri\u017eevci : Gradski muzej Kri\u017eevci, 2021.<br \/>76 str., ilustr. u bojama,\u00a0 cm<br \/>meki uvez<br \/>ISBN: 978-953-8291-18-0<br \/><br \/>Cijena:\u00a0<del> 10 Eur<\/del> popust 30 % (52,74 kn \/ 7 Eur)<\/td>\r\n<\/tr>\r\n<tr>\r\n<td><img loading=\"lazy\" decoding=\"async\" class=\"\" src=\"http:\/\/www.gradski-muzej-krizevci.hr\/wp-content\/uploads\/2021\/11\/jukic_mala-300x211.jpg\" alt=\"\" width=\"240\" height=\"169\" \/><\/td>\r\n<td><strong>Irena Juki\u0107 Pranji\u0107 &#8211; Dnevnik snivanja i filozofiranja<br \/><\/strong><br \/>Frano Dulubi\u0107 (autor teksta)<br \/>Kri\u017eevci : Gradski muzej Kri\u017eevci, 2021.<br \/>1 list, ilustr. u bojama, 42 cm<br \/>ISBN: 978-953-8291-17-3<br \/><br \/>Cijena:\u00a0 5 Eur<\/td>\r\n<\/tr>\r\n<tr>\r\n<td><img loading=\"lazy\" decoding=\"async\" class=\"\" src=\"http:\/\/www.gradski-muzej-krizevci.hr\/wp-content\/uploads\/2021\/11\/szeverin_mala-197x300.jpg\" alt=\"\" width=\"214\" height=\"326\" \/><\/td>\r\n<td><strong>Kri\u017eeva\u010dki kipar Stjepan Szever(in)<br \/><\/strong><br \/>Zdenko Balog (autor)<br \/>Zdenko Balog, Jasmina Fo\u010dkan, Tea Hatadi (autori tekstova)<br \/>Kri\u017eevci : Gradski muzej Kri\u017eevci, 2021.<br \/>98 str., ilustr. u bojama, 24 cm<br \/>meki uvez<br \/>ISBN: 978-953-8291-15-9<br \/><br \/>Cijena:\u00a0 10 Eur<\/td>\r\n<\/tr>\r\n<tr>\r\n<td><img loading=\"lazy\" decoding=\"async\" class=\"\" src=\"http:\/\/www.gradski-muzej-krizevci.hr\/wp-content\/uploads\/2021\/07\/2-periferije-271x300.jpg\" alt=\"\" width=\"222\" height=\"246\" \/><\/td>\r\n<td><strong>2 PERIFERIJE<br \/><\/strong><br \/>Tea Hatadi, Bojan Kri\u0161tofi\u0107, Tanja \u0160poljar (autori)<br \/>Kri\u017eevci : Gradski muzej Kri\u017eevci, 2021.<br \/>76 str., ilustr. u bojama, 16 cm<br \/>meki uvez<br \/>ISBN: 978-953-8291-14-2<br \/><br \/>Cijena:\u00a0 10 Eur<\/td>\r\n<\/tr>\r\n<tr>\r\n<td><img loading=\"lazy\" decoding=\"async\" class=\"\" src=\"http:\/\/www.gradski-muzej-krizevci.hr\/wp-content\/uploads\/2021\/11\/homen_mala-210x300.jpg\" alt=\"\" width=\"202\" height=\"289\" \/><\/td>\r\n<td><strong>Zoran Homen &#8211; Retrospektiva<br \/><\/strong><br \/>Stanko \u0160poljari\u0107 (autor teksta)<br \/>Kri\u017eevci : Gradski muzej Kri\u017eevci, 2021.<br \/>34 str., ilustr. u bojama, cm<br \/>meki uvez<br \/>ISBN: 978-953-8291-13-5<br \/><br \/>Cijena:\u00a0 5 Eur<\/td>\r\n<\/tr>\r\n<tr>\r\n<td><img loading=\"lazy\" decoding=\"async\" class=\"alignnone  wp-image-3897\" src=\"http:\/\/www.gradski-muzej-krizevci.hr\/wp-content\/uploads\/2022\/04\/veterinarski-209x300.jpg\" alt=\"\" width=\"200\" height=\"287\" srcset=\"http:\/\/www.gradski-muzej-krizevci.hr\/wp-content\/uploads\/2022\/04\/veterinarski-209x300.jpg 209w, http:\/\/www.gradski-muzej-krizevci.hr\/wp-content\/uploads\/2022\/04\/veterinarski.jpg 697w\" sizes=\"auto, (max-width: 200px) 100vw, 200px\" \/><\/td>\r\n<td><strong>120 godina Veterinarskog zavoda u Kri\u017eevcima<\/strong> \u00a0<br \/><br \/>Tea Hatadi, Ana Kon\u010durat (autori)<br \/>Ozren Blagec, \u017deljko Cvetni\u0107, Ana Kon\u010durat, Darko Majnari\u0107, Damir Pavi\u010dek, Tomislav Sukali\u0107 (autori tekstova)<br \/>Kri\u017eevci : Gradski muzej Kri\u017eevci i Zagreb : Hrvatski veterinarski institut Podru\u017enica Veterinarski zavod Kri\u017eevci, 2021.<br \/>52 str., ilustr. u bojama, 30 cm<br \/>meki uvez<br \/>ISBN: 978-953-8291-12-8<br \/><br \/>Cijena:\u00a0 7 Eur<\/td>\r\n<\/tr>\r\n<tr>\r\n<td><img loading=\"lazy\" decoding=\"async\" class=\"\" src=\"http:\/\/www.gradski-muzej-krizevci.hr\/wp-content\/uploads\/2021\/11\/okidanje_mala-214x300.jpg\" alt=\"\" width=\"201\" height=\"282\" \/><\/td>\r\n<td><strong>&#8220;&#8216;Meko&#8217; okidanje?&#8221;<br \/><\/strong> \u00a0<br \/>Sandra Kri\u017ei\u0107 Roban (autor)<br \/>Kri\u017eevci : Gradski muzej Kri\u017eevci, 2021.<br \/>1 list, ilustr. u bojama, 24 cm<br \/>ISBN: 978-953-8291-11-1<br \/><br \/>Cijena:\u00a0 5 Eur<\/td>\r\n<\/tr>\r\n<tr>\r\n<td><img loading=\"lazy\" decoding=\"async\" src=\"http:\/\/www.gradski-muzej-krizevci.hr\/wp-content\/uploads\/2021\/05\/celik_naslovnica_mala-199x300.jpg\" alt=\"\" width=\"199\" height=\"300\" \/><\/td>\r\n<td><strong>Od cehova do \u010celika i nakon<br \/><\/strong><br \/>Tea Hatadi (autor)<br \/>Ozren Blagec, Branko Franceschi, Tea Hatadi, Sandro Novosel, Alma Trauber, Jelka Vukobratovi\u0107 (autori teksta)<br \/>Kri\u017eevci : Gradski muzej Kri\u017eevci, 2020.<br \/>98 str., ilustr. u bojama, 16 cm<br \/>meki uvez<br \/>ISBN: 978-953-8291-10-4<br \/><br \/>Cijena:\u00a0 10 Eur<\/td>\r\n<\/tr>\r\n<tr>\r\n<td><img loading=\"lazy\" decoding=\"async\" class=\"\" src=\"http:\/\/www.gradski-muzej-krizevci.hr\/wp-content\/uploads\/2020\/10\/metalurske_kulture_mala-213x300.jpg\" alt=\"\" width=\"210\" height=\"296\" \/><\/td>\r\n<td><strong>Prapovijesne metalur\u0161ke kulture kri\u017eeva\u010dkog podru\u010dja<br \/><\/strong> \u00a0<br \/>Lana Okro\u0161a Ro\u017ei\u0107 (autor)<br \/>Kri\u017eevci : Gradski muzej Kri\u017eevci, 2020.<br \/>34 str., ilustr. u bojama, 29 cm<br \/>meki uvez<br \/>ISBN: 978-953-8291-08-1<br \/><br \/><br \/>Cijena:\u00a0 5 Eur<\/td>\r\n<\/tr>\r\n<tr>\r\n<td><img loading=\"lazy\" decoding=\"async\" class=\"\" src=\"http:\/\/www.gradski-muzej-krizevci.hr\/wp-content\/uploads\/2022\/11\/2022-11-19-209x300.png\" alt=\"\" width=\"215\" height=\"308\" \/><\/td>\r\n<td><strong>Tomislav Gotovac &#8211; Udisanje zraka<br \/><\/strong> \u00a0<br \/>Darko \u0160imi\u010di\u0107 (autor)<br \/>Kri\u017eevci : Gradski muzej Kri\u017eevci, 2022.<br \/>1 list plakat, ilustr. u bojama, 50 x 70 cm<br \/>meki uvez<br \/>ISBN: 978-953-8291-09-8<br \/><br \/>Cijena:\u00a0 5 Eur<\/td>\r\n<\/tr>\r\n<tr>\r\n<td><img loading=\"lazy\" decoding=\"async\" class=\"\" src=\"http:\/\/www.gradski-muzej-krizevci.hr\/wp-content\/uploads\/2020\/09\/zivkovic-204x300.jpg\" alt=\"\" width=\"209\" height=\"307\" \/><\/td>\r\n<td><strong>Sa\u0161a \u017divkovi\u0107 &#8211; Mjesto gdje su sjene hladne<br \/><\/strong> \u00a0<br \/>Marijan \u0160poljar, Tanja \u0160poljar (autor teksta)<br \/>Kri\u017eevci : Gradski muzej Kri\u017eevci, 2020.<br \/>26 str., ilustr. u bojama, 24 cm<br \/>meki uvez<br \/>ISBN: 978-953-8291-06-7<br \/><br \/><br \/>Cijena:\u00a0 5 Eur<\/td>\r\n<\/tr>\r\n<tr>\r\n<td><img loading=\"lazy\" decoding=\"async\" src=\"http:\/\/www.gradski-muzej-krizevci.hr\/wp-content\/uploads\/2020\/09\/hlebinska_skola-209x300.jpg\" alt=\"\" width=\"209\" height=\"300\" \/><\/td>\r\n<td><strong>Hlebinska \u0161kola<br \/><\/strong> \u00a0<br \/>Helena Ku\u0161eni\u0107 (autor teksta)<br \/>Kri\u017eevci : Gradski muzej Kri\u017eevci, 2020.<br \/>26 str., ilustr. u bojama,\u00a0 cm<br \/>meki uvez<br \/>ISBN: 978-953-8291-07-4<br \/><br \/><br \/>Cijena:\u00a0 5 Eur<\/td>\r\n<\/tr>\r\n<tr>\r\n<td><img loading=\"lazy\" decoding=\"async\" class=\"alignnone size-medium wp-image-3889\" src=\"http:\/\/www.gradski-muzej-krizevci.hr\/wp-content\/uploads\/2022\/04\/kemija-205x300.jpg\" alt=\"\" width=\"205\" height=\"300\" srcset=\"http:\/\/www.gradski-muzej-krizevci.hr\/wp-content\/uploads\/2022\/04\/kemija-205x300.jpg 205w, http:\/\/www.gradski-muzej-krizevci.hr\/wp-content\/uploads\/2022\/04\/kemija.jpg 683w\" sizes=\"auto, (max-width: 205px) 100vw, 205px\" \/><\/td>\r\n<td><strong>Bezbroj lica periodnog sustava elemenata<\/strong> \u00a0<br \/><br \/>Nenad Raos (autor)<br \/>Kri\u017eevci : Gradski muzej Kri\u017eevci, 2020.<br \/>48 str., ilustr. u bojama, 23 cm<br \/>meki uvez<br \/>ISBN: 978-953-8291-03-6<br \/><br \/>Cijena:\u00a0 7 Eur<\/td>\r\n<\/tr>\r\n<tr>\r\n<td><img loading=\"lazy\" decoding=\"async\" class=\"alignnone size-medium wp-image-3888\" src=\"http:\/\/www.gradski-muzej-krizevci.hr\/wp-content\/uploads\/2022\/04\/grdenic-206x300.jpg\" alt=\"\" width=\"206\" height=\"300\" srcset=\"http:\/\/www.gradski-muzej-krizevci.hr\/wp-content\/uploads\/2022\/04\/grdenic-206x300.jpg 206w, http:\/\/www.gradski-muzej-krizevci.hr\/wp-content\/uploads\/2022\/04\/grdenic.jpg 685w\" sizes=\"auto, (max-width: 206px) 100vw, 206px\" \/><\/td>\r\n<td><strong>Drago Grdeni\u0107<\/strong> \u00a0<br \/><br \/>Ozren Blagec (autor)<br \/>Kri\u017eevci : Gradski muzej Kri\u017eevci, 2020.<br \/>deplijan, 23 cm<br \/><br \/>Cijena:<\/td>\r\n<\/tr>\r\n<tr>\r\n<td><img loading=\"lazy\" decoding=\"async\" class=\"\" src=\"http:\/\/www.gradski-muzej-krizevci.hr\/wp-content\/uploads\/2020\/03\/ZEMLJA_S-263x300.jpg\" alt=\"\" width=\"214\" height=\"244\" \/><\/td>\r\n<td><strong>ZEMLJA<\/strong> \u00a0<br \/><br \/>Kri\u017eevci : Gradski muzej Kri\u017eevci, 2019.<br \/>26 str., ilustr. u bojama, 20 cm<br \/>meki uvez<br \/>ISBN: 978-953-8291-02-9<br \/><br \/><br \/>Cijena:\u00a0 5 Eur<\/td>\r\n<\/tr>\r\n<tr>\r\n<td><img loading=\"lazy\" decoding=\"async\" class=\"alignnone size-medium wp-image-588\" src=\"http:\/\/www.gradski-muzej-krizevci.hr\/wp-content\/uploads\/2019\/05\/veliki_rat-209x300.jpg\" alt=\"\" width=\"209\" height=\"300\" srcset=\"http:\/\/www.gradski-muzej-krizevci.hr\/wp-content\/uploads\/2019\/05\/veliki_rat-209x300.jpg 209w, http:\/\/www.gradski-muzej-krizevci.hr\/wp-content\/uploads\/2019\/05\/veliki_rat.jpg 697w\" sizes=\"auto, (max-width: 209px) 100vw, 209px\" \/><\/td>\r\n<td><strong>Kri\u017eevci u Velikom ratu<\/strong> \u00a0<br \/><br \/>Tomislav Bogdanovi\u0107, Vijoleta Herman Kauri\u0107, Marko Vuki\u010devi\u0107 (autori)<br \/>Kri\u017eevci : Gradski muzej Kri\u017eevci, 2018.<br \/>32 str., ilustr. u bojama, 30 cm<br \/>meki uvez<br \/>ISBN: 978-953-59104-7-3<br \/><br \/>Cijena: 37,67 kn \/ 5 Eura<\/td>\r\n<\/tr>\r\n<tr>\r\n<td><img loading=\"lazy\" decoding=\"async\" class=\"alignnone size-medium wp-image-393\" src=\"http:\/\/www.gradski-muzej-krizevci.hr\/wp-content\/uploads\/2017\/10\/Lasi-213x300.jpg\" alt=\"\" width=\"213\" height=\"300\" srcset=\"http:\/\/www.gradski-muzej-krizevci.hr\/wp-content\/uploads\/2017\/10\/Lasi-213x300.jpg 213w, http:\/\/www.gradski-muzej-krizevci.hr\/wp-content\/uploads\/2017\/10\/Lasi.jpg 649w\" sizes=\"auto, (max-width: 213px) 100vw, 213px\" \/><\/td>\r\n<td><strong>Lasi si je po\u010desala \u2013 Tradicijske frizure i oglavlja kri\u017eeva\u010dkog Prigorja<\/strong> \u00a0<br \/><br \/>Ivana Ru\u017ei\u0107 (autor)<br \/>Kri\u017eevci : Gradski muzej Kri\u017eevci, 2017.<br \/>8 str., ilustr. u bojama, 30 cm<br \/>meki uvez<br \/>ISBN: 978-953-59104-3-5<br \/><br \/>Cijena:\u00a0 5 Eura<\/td>\r\n<\/tr>\r\n<tr>\r\n<td><img loading=\"lazy\" decoding=\"async\" class=\"alignnone size-medium wp-image-207\" src=\"http:\/\/www.gradski-muzej-krizevci.hr\/wp-content\/uploads\/2016\/10\/Gundrum-211x300.jpg\" alt=\"\" width=\"211\" height=\"300\" srcset=\"http:\/\/www.gradski-muzej-krizevci.hr\/wp-content\/uploads\/2016\/10\/Gundrum-211x300.jpg 211w, http:\/\/www.gradski-muzej-krizevci.hr\/wp-content\/uploads\/2016\/10\/Gundrum.jpg 702w\" sizes=\"auto, (max-width: 211px) 100vw, 211px\" \/><\/td>\r\n<td><strong>Dr. Fran Gundrum Oriov\u010danin \u2013 u povodu 160. godi\u0161njice ro\u0111enja<\/strong> \u00a0<br \/><br \/>Darija Hofgr\u00e4ff (autor)<br \/>Kri\u017eevci : Gradski muzej Kri\u017eevci, 2016.<br \/>28 str., ilustr. u bojama, 30 cm<br \/>meki uvez<br \/>ISBN: 978-953-59104-1-1<br \/><br \/>Cijena:\u00a0 5 Eura<\/td>\r\n<\/tr>\r\n<tr>\r\n<td><img loading=\"lazy\" decoding=\"async\" class=\"alignnone size-medium wp-image-208\" src=\"http:\/\/www.gradski-muzej-krizevci.hr\/wp-content\/uploads\/2016\/10\/Julije-208x300.jpg\" alt=\"\" width=\"208\" height=\"300\" srcset=\"http:\/\/www.gradski-muzej-krizevci.hr\/wp-content\/uploads\/2016\/10\/Julije-208x300.jpg 208w, http:\/\/www.gradski-muzej-krizevci.hr\/wp-content\/uploads\/2016\/10\/Julije.jpg 693w\" sizes=\"auto, (max-width: 208px) 100vw, 208px\" \/><\/td>\r\n<td><strong>Julije Csikos Sessia \u2013 u sjeni velikog oca<\/strong> \u00a0<br \/><br \/>Ivana Gr\u017eina, Petra Jal\u0161ovec (autori)<br \/>Kri\u017eevci : Gradski muzej Kri\u017eevci, 2016.<br \/>48 str., ilustr. u bojama, 24 cm<br \/>meki uvez<br \/>ISBN: 978-953-59104-0-4<br \/><br \/>Cijena:\u00a0 7 Eur<\/td>\r\n<\/tr>\r\n<tr>\r\n<td><img loading=\"lazy\" decoding=\"async\" class=\"alignnone size-medium wp-image-219\" src=\"http:\/\/www.gradski-muzej-krizevci.hr\/wp-content\/uploads\/2016\/10\/zidovi-287x300.jpg\" alt=\"\" width=\"287\" height=\"300\" srcset=\"http:\/\/www.gradski-muzej-krizevci.hr\/wp-content\/uploads\/2016\/10\/zidovi-287x300.jpg 287w, http:\/\/www.gradski-muzej-krizevci.hr\/wp-content\/uploads\/2016\/10\/zidovi-768x804.jpg 768w, http:\/\/www.gradski-muzej-krizevci.hr\/wp-content\/uploads\/2016\/10\/zidovi.jpg 955w\" sizes=\"auto, (max-width: 287px) 100vw, 287px\" \/><\/td>\r\n<td><strong>\u017didovi u Kri\u017eevcima \u2013 povijest, zna\u010daj, naslije\u0111e<\/strong> \u00a0<br \/><br \/>Ljiljana Dobrov\u0161ak, Dejan Pernjak (autori)<br \/>Kri\u017eevci : Gradski muzej Kri\u017eevci, 2015.<br \/>84 str., ilustr. u bojama, 22 cm<br \/>meki uvez<br \/>ISBN: 978-953-99594-9-2<br \/><br \/>Cijena: rasprodano<\/td>\r\n<\/tr>\r\n<tr>\r\n<td><img loading=\"lazy\" decoding=\"async\" class=\"alignnone size-medium wp-image-206\" src=\"http:\/\/www.gradski-muzej-krizevci.hr\/wp-content\/uploads\/2016\/10\/erhatic-209x300.jpg\" alt=\"\" width=\"209\" height=\"300\" srcset=\"http:\/\/www.gradski-muzej-krizevci.hr\/wp-content\/uploads\/2016\/10\/erhatic-209x300.jpg 209w, http:\/\/www.gradski-muzej-krizevci.hr\/wp-content\/uploads\/2016\/10\/erhatic.jpg 695w\" sizes=\"auto, (max-width: 209px) 100vw, 209px\" \/><\/td>\r\n<td><strong>Obitelj Erhati\u0107 \u2013 kri\u017eeva\u010dki graditelji orgulja<\/strong> \u00a0<br \/><br \/>Marko \u0110uraki\u0107 (autor)<br \/>Kri\u017eevci : Gradski muzej Kri\u017eevci, 2015.<br \/>28 str., ilustr. u bojama, 30 cm<br \/>meki uvez<br \/>ISBN: 978-953-99594-7-8<br \/><br \/>Cijena:\u00a0 5 Eura<\/td>\r\n<\/tr>\r\n<tr>\r\n<td><img loading=\"lazy\" decoding=\"async\" class=\"alignnone size-medium wp-image-3892\" src=\"http:\/\/www.gradski-muzej-krizevci.hr\/wp-content\/uploads\/2022\/04\/markovic-212x300.jpg\" alt=\"\" width=\"212\" height=\"300\" srcset=\"http:\/\/www.gradski-muzej-krizevci.hr\/wp-content\/uploads\/2022\/04\/markovic-212x300.jpg 212w, http:\/\/www.gradski-muzej-krizevci.hr\/wp-content\/uploads\/2022\/04\/markovic.jpg 705w\" sizes=\"auto, (max-width: 212px) 100vw, 212px\" \/><\/td>\r\n<td><strong>Franjo Markovi\u0107<\/strong> \u00a0<br \/><br \/>Ivan Pekli\u0107 (autor)<br \/>Kri\u017eevci : Gradski muzej Kri\u017eevci i Zagreb : Hrvatska akademije znanosti i umjetnosti, 2014.<br \/>32 str., ilustr. u bojama, 30 cm<br \/>meki uvez<br \/>ISBN: 978\u2013953\u201399594\u20135\u20134\u00a0<br \/><br \/>Cijena:\u00a0 5 Eura<\/td>\r\n<\/tr>\r\n<tr>\r\n<td><img loading=\"lazy\" decoding=\"async\" class=\"alignnone size-medium wp-image-3895\" src=\"http:\/\/www.gradski-muzej-krizevci.hr\/wp-content\/uploads\/2022\/04\/SCHLOSSER-212x300.jpg\" alt=\"\" width=\"212\" height=\"300\" srcset=\"http:\/\/www.gradski-muzej-krizevci.hr\/wp-content\/uploads\/2022\/04\/SCHLOSSER-212x300.jpg 212w, http:\/\/www.gradski-muzej-krizevci.hr\/wp-content\/uploads\/2022\/04\/SCHLOSSER.jpg 706w\" sizes=\"auto, (max-width: 212px) 100vw, 212px\" \/><\/td>\r\n<td><strong>Dr. Josip Kalasancij Schlosser vitez Klekovski<\/strong> <br \/><br \/>Ozren Blagec, Suzana Buzjak, Mirjana Vrbek (autori)<br \/>Kri\u017eevci : Gradski muzej Kri\u017eevci i Zagreb : Hrvatski prirodoslovni muzej, 2013.<br \/>16 str., ilustr. u bojama, 30 cm<br \/>meki uvez<br \/>ISBN: 978-953-99594-4-7<br \/><br \/>Cijena: rasprodano<\/td>\r\n<\/tr>\r\n<tr>\r\n<td><img loading=\"lazy\" decoding=\"async\" class=\"alignnone size-medium wp-image-3891\" src=\"http:\/\/www.gradski-muzej-krizevci.hr\/wp-content\/uploads\/2022\/04\/likovna-galerija-206x300.jpg\" alt=\"\" width=\"206\" height=\"300\" srcset=\"http:\/\/www.gradski-muzej-krizevci.hr\/wp-content\/uploads\/2022\/04\/likovna-galerija-206x300.jpg 206w, http:\/\/www.gradski-muzej-krizevci.hr\/wp-content\/uploads\/2022\/04\/likovna-galerija.jpg 687w\" sizes=\"auto, (max-width: 206px) 100vw, 206px\" \/><\/td>\r\n<td><strong>Likovna zbirka Gradskog muzeja Kri\u017eevci \u2013 izbor iz fundusa : U povodu 60. obljetnice postojanja Muzeja<\/strong> \u00a0<br \/><br \/>Zoran Homen (autor)<br \/>Kri\u017eevci : Gradski muzej Kri\u017eevci, 2012.<br \/>48 str., ilustr. u bojama, 30 cm<br \/>meki uvez<br \/><br \/>Cijena:\u00a0 7 Eur<\/td>\r\n<\/tr>\r\n<tr>\r\n<td><img loading=\"lazy\" decoding=\"async\" class=\"alignnone size-medium wp-image-3885\" src=\"http:\/\/www.gradski-muzej-krizevci.hr\/wp-content\/uploads\/2022\/04\/cehovi-211x300.jpg\" alt=\"\" width=\"211\" height=\"300\" srcset=\"http:\/\/www.gradski-muzej-krizevci.hr\/wp-content\/uploads\/2022\/04\/cehovi-211x300.jpg 211w, http:\/\/www.gradski-muzej-krizevci.hr\/wp-content\/uploads\/2022\/04\/cehovi.jpg 702w\" sizes=\"auto, (max-width: 211px) 100vw, 211px\" \/><\/td>\r\n<td><strong>Povijest cehova u Kri\u017eevcima<\/strong> \u00a0<br \/><br \/>Ozren Blagec (autor)<br \/>Kri\u017eevci : Gradski muzej, 2011.<br \/>32 str., ilustr. u bojama, 30 cm<br \/>meki uvez<br \/>ISBN: 978-953-99549-3-0<br \/><br \/>Cijena: 5 Eur<\/td>\r\n<\/tr>\r\n<tr>\r\n<td><img loading=\"lazy\" decoding=\"async\" class=\"alignnone size-medium wp-image-3893\" src=\"http:\/\/www.gradski-muzej-krizevci.hr\/wp-content\/uploads\/2022\/04\/papa-filatelija-212x300.jpg\" alt=\"\" width=\"212\" height=\"300\" srcset=\"http:\/\/www.gradski-muzej-krizevci.hr\/wp-content\/uploads\/2022\/04\/papa-filatelija-212x300.jpg 212w, http:\/\/www.gradski-muzej-krizevci.hr\/wp-content\/uploads\/2022\/04\/papa-filatelija.jpg 705w\" sizes=\"auto, (max-width: 212px) 100vw, 212px\" \/><\/td>\r\n<td><strong>Papinska putovanja u filateliji<\/strong> \u00a0<br \/><br \/>Vladimir Palo\u0161ika (autor)<br \/>Kri\u017eevci : Gradski muzej Kri\u017eevci, 2011.<br \/>8 str., ilustr. u bojama, 30 cm<br \/>meki uvez<br \/><br \/>Cijena: rasprodano<\/td>\r\n<\/tr>\r\n<tr>\r\n<td><img loading=\"lazy\" decoding=\"async\" class=\"alignnone size-medium wp-image-3887\" src=\"http:\/\/www.gradski-muzej-krizevci.hr\/wp-content\/uploads\/2022\/04\/donacija-ovcacik-212x300.jpg\" alt=\"\" width=\"212\" height=\"300\" srcset=\"http:\/\/www.gradski-muzej-krizevci.hr\/wp-content\/uploads\/2022\/04\/donacija-ovcacik-212x300.jpg 212w, http:\/\/www.gradski-muzej-krizevci.hr\/wp-content\/uploads\/2022\/04\/donacija-ovcacik.jpg 707w\" sizes=\"auto, (max-width: 212px) 100vw, 212px\" \/><\/td>\r\n<td><strong>Mira Ov\u010da\u010dik Kova\u010devi\u0107 \u2013 donacija uzornika vezila\u010dkih tehnika Gradskom muzeju Kri\u017eevci<\/strong> \u00a0<br \/><br \/>Melita Habdija (autor)<br \/>Kri\u017eevci : Gradski muzej Kri\u017eevci, 2007.<br \/>8 str., ilustr. u bojama, 30 cm<br \/>meki uvez<br \/><br \/>Cijena: rasprodano<\/td>\r\n<\/tr>\r\n<tr>\r\n<td><img loading=\"lazy\" decoding=\"async\" class=\"alignnone size-medium wp-image-3898\" src=\"http:\/\/www.gradski-muzej-krizevci.hr\/wp-content\/uploads\/2022\/04\/zajc-211x300.jpg\" alt=\"\" width=\"211\" height=\"300\" srcset=\"http:\/\/www.gradski-muzej-krizevci.hr\/wp-content\/uploads\/2022\/04\/zajc-211x300.jpg 211w, http:\/\/www.gradski-muzej-krizevci.hr\/wp-content\/uploads\/2022\/04\/zajc.jpg 702w\" sizes=\"auto, (max-width: 211px) 100vw, 211px\" \/><\/td>\r\n<td><strong>Dragutin Zajc (1909. &#8211; 1997.)<\/strong> \u00a0<br \/><br \/>Zoran Homen (autor)<br \/>Kri\u017eevci : Gradski muzej Kri\u017eevci, 2007.<br \/>16 str., ilustr. u bojama, 21 cm<br \/>meki uvez<br \/><br \/>Cijena: rasprodano<\/td>\r\n<\/tr>\r\n<tr>\r\n<td><img loading=\"lazy\" decoding=\"async\" class=\"alignnone size-medium wp-image-3894\" src=\"http:\/\/www.gradski-muzej-krizevci.hr\/wp-content\/uploads\/2022\/04\/paska-cipka-208x300.jpg\" alt=\"\" width=\"208\" height=\"300\" srcset=\"http:\/\/www.gradski-muzej-krizevci.hr\/wp-content\/uploads\/2022\/04\/paska-cipka-208x300.jpg 208w, http:\/\/www.gradski-muzej-krizevci.hr\/wp-content\/uploads\/2022\/04\/paska-cipka.jpg 693w\" sizes=\"auto, (max-width: 208px) 100vw, 208px\" \/><\/td>\r\n<td><strong>Pa\u0161ka \u010dipka<\/strong> \u00a0<br \/><br \/>Melita Habdija (autor)<br \/>Kri\u017eevci : Gradski muzej Kri\u017eevci, 2007.<br \/>12 str., ilustr. u bojama, 21 cm<br \/>meki uvez<br \/><br \/>Cijena: rasprodano<\/td>\r\n<\/tr>\r\n<tr>\r\n<td><img loading=\"lazy\" decoding=\"async\" class=\"alignnone size-medium wp-image-3886\" src=\"http:\/\/www.gradski-muzej-krizevci.hr\/wp-content\/uploads\/2022\/04\/detoni-210x300.jpg\" alt=\"\" width=\"210\" height=\"300\" srcset=\"http:\/\/www.gradski-muzej-krizevci.hr\/wp-content\/uploads\/2022\/04\/detoni-210x300.jpg 210w, http:\/\/www.gradski-muzej-krizevci.hr\/wp-content\/uploads\/2022\/04\/detoni.jpg 699w\" sizes=\"auto, (max-width: 210px) 100vw, 210px\" \/><\/td>\r\n<td><strong>Marijan Detoni \u2013 u povodu 101. godi\u0161njice ro\u0111enja (izbor radova)<\/strong> \u00a0<br \/><br \/>Tonko Maroevi\u0107, Marijan \u0160poljar (autori)<br \/>Kri\u017eevci : Gradski muzej Kri\u017eevci, 2006.<br \/>28 str., ilustr. u bojama, 30 cm<br \/>meki uvez<br \/><br \/>Cijena: rasprodano<\/td>\r\n<\/tr>\r\n<tr>\r\n<td><img loading=\"lazy\" decoding=\"async\" class=\"alignnone size-medium wp-image-3896\" src=\"http:\/\/www.gradski-muzej-krizevci.hr\/wp-content\/uploads\/2022\/04\/struppi-210x300.jpg\" alt=\"\" width=\"210\" height=\"300\" srcset=\"http:\/\/www.gradski-muzej-krizevci.hr\/wp-content\/uploads\/2022\/04\/struppi-210x300.jpg 210w, http:\/\/www.gradski-muzej-krizevci.hr\/wp-content\/uploads\/2022\/04\/struppi.jpg 699w\" sizes=\"auto, (max-width: 210px) 100vw, 210px\" \/><\/td>\r\n<td><strong>Jelka Struppi (1872. \u2013 1946.) \u2013 slikarica i njeni radovi u Kri\u017eevci<\/strong> \u00a0<br \/><br \/>Zoran Homen (autor)<br \/>Kri\u017eevci : Gradski muzej Kri\u017eevci, 2004.<br \/>36 str., ilustr. u bojama, 24 cm<br \/>meki uvez<br \/>ISBN:\u00a0 953-99594-1-1<br \/><br \/>Cijena: rasprodano<\/td>\r\n<\/tr>\r\n<tr>\r\n<td><img loading=\"lazy\" decoding=\"async\" class=\"alignnone size-medium wp-image-3890\" src=\"http:\/\/www.gradski-muzej-krizevci.hr\/wp-content\/uploads\/2022\/04\/kiepach-207x300.jpg\" alt=\"\" width=\"207\" height=\"300\" srcset=\"http:\/\/www.gradski-muzej-krizevci.hr\/wp-content\/uploads\/2022\/04\/kiepach-207x300.jpg 207w, http:\/\/www.gradski-muzej-krizevci.hr\/wp-content\/uploads\/2022\/04\/kiepach.jpg 691w\" sizes=\"auto, (max-width: 207px) 100vw, 207px\" \/><\/td>\r\n<td><strong>Obitelj Kiepach od Haselburga u Kri\u017eevcima<\/strong> \u00a0<br \/><br \/>Zoran Homen (autor)<br \/>Kri\u017eevci : Gradski muzej Kri\u017eevci, 2004.<br \/>52 str., ilustr. u bojama, 30 cm<br \/>meki uvez<br \/><br \/>Cijena: rasprodano<\/td>\r\n<\/tr>\r\n<tr>\r\n<td><img loading=\"lazy\" decoding=\"async\" class=\"alignnone size-medium wp-image-3900\" src=\"http:\/\/www.gradski-muzej-krizevci.hr\/wp-content\/uploads\/2022\/04\/vodic-168x300.jpg\" alt=\"\" width=\"168\" height=\"300\" srcset=\"http:\/\/www.gradski-muzej-krizevci.hr\/wp-content\/uploads\/2022\/04\/vodic-168x300.jpg 168w, http:\/\/www.gradski-muzej-krizevci.hr\/wp-content\/uploads\/2022\/04\/vodic.jpg 560w\" sizes=\"auto, (max-width: 168px) 100vw, 168px\" \/><\/td>\r\n<td><strong>Gradski muzej Kri\u017eevci \u2013 vodi\u010d kroz zbirke<\/strong> \u00a0<br \/><br \/>Zoran Homen (autor)<br \/>Kri\u017eevci : Gradski muzej Kri\u017eevci, 1997.<br \/>32 str., ilustr. u bojama, 22 cm<br \/>meki uvez<br \/><br \/>Cijena: rasprodano<\/td>\r\n<\/tr>\r\n<\/tbody>\r\n<\/table>\r\n<\/figure>\r\n<\/div>\r\n<\/div>\r\n<\/div>\r\n\r\n\r\n<!-- \/wp:group --><!-- wp:post-content --><!-- wp:group {\"layout\":{\"type\":\"constrained\"}} -->\r\n<div class=\"wp-block-group\"><!-- wp:paragraph -->\r\n<p><!-- \/wp:paragraph -->\r\n\r\n<!-- wp:columns --><\/p>\r\n<div class=\"wp-block-columns\"><!-- wp:column {\"width\":\"100%\"} -->\r\n<div class=\"wp-block-column\"><!-- wp:table {\"className\":\"is-style-stripes\"} -->\r\n<figure class=\"wp-block-table is-style-stripes\">\r\n<table style=\"border-collapse: collapse; width: 100%; height: 408px;\">\r\n<tbody>\r\n<tr>\r\n<td style=\"width: 23.1332%;\">\u00a0<\/td>\r\n<td style=\"width: 76.8668%;\">\u00a0<\/td>\r\n<\/tr>\r\n<tr>\r\n<td style=\"width: 23.1332%;\"><img loading=\"lazy\" decoding=\"async\" class=\"alignnone size-full wp-image-6302\" src=\"http:\/\/www.gradski-muzej-krizevci.hr\/wp-content\/uploads\/2025\/01\/zagorecm.jpg\" alt=\"\" width=\"652\" height=\"800\" srcset=\"http:\/\/www.gradski-muzej-krizevci.hr\/wp-content\/uploads\/2025\/01\/zagorecm.jpg 652w, http:\/\/www.gradski-muzej-krizevci.hr\/wp-content\/uploads\/2025\/01\/zagorecm-245x300.jpg 245w\" sizes=\"auto, (max-width: 652px) 100vw, 652px\" \/><\/td>\r\n<td style=\"width: 76.8668%;\">\r\n<p><strong>Dalek. Dalji. <em>(Napokon)<\/em> Vis<\/strong><\/p>\r\n<p>Zrinka Zagorec (autor)<\/p>\r\n<p>Stanko Hercek (autor teksta)<\/p>\r\n<p>40 str., ilustr. u bojama, 26 cm<br \/>meki uvez<\/p>\r\n<p>ISBN: 978-953-8291-41-8<\/p>\r\n<p>Cijena:<\/p>\r\n<\/td>\r\n<\/tr>\r\n<tr>\r\n<td style=\"width: 23.1332%;\"><img loading=\"lazy\" decoding=\"async\" class=\"alignnone size-full wp-image-6300\" src=\"http:\/\/www.gradski-muzej-krizevci.hr\/wp-content\/uploads\/2025\/01\/rasicm.jpg\" alt=\"\" width=\"649\" height=\"800\" srcset=\"http:\/\/www.gradski-muzej-krizevci.hr\/wp-content\/uploads\/2025\/01\/rasicm.jpg 649w, http:\/\/www.gradski-muzej-krizevci.hr\/wp-content\/uploads\/2025\/01\/rasicm-243x300.jpg 243w\" sizes=\"auto, (max-width: 649px) 100vw, 649px\" \/><\/td>\r\n<td style=\"width: 76.8668%;\">\r\n<p><strong>Mijene : Radovi koje nisam napravio : 1001 pogled : Nana volim te<\/strong><\/p>\r\n<p>Ante Ra\u0161i\u0107 (autor)<\/p>\r\n<p>\u017deljko Marciu\u0161 (autor teksta)<\/p>\r\n<p>24 str., ilustr. u bojama, 26 cm<br \/>meki uvez<\/p>\r\n<p>ISBN: 978-953-8291-39-5<\/p>\r\n<p>Cijena:<\/p>\r\n<\/td>\r\n<\/tr>\r\n<tr style=\"height: 24px;\">\r\n<td style=\"width: 23.1332%; height: 24px;\"><img loading=\"lazy\" decoding=\"async\" class=\"alignnone size-full wp-image-6301\" src=\"http:\/\/www.gradski-muzej-krizevci.hr\/wp-content\/uploads\/2025\/01\/suffest09m.jpg\" alt=\"\" width=\"576\" height=\"800\" srcset=\"http:\/\/www.gradski-muzej-krizevci.hr\/wp-content\/uploads\/2025\/01\/suffest09m.jpg 576w, http:\/\/www.gradski-muzej-krizevci.hr\/wp-content\/uploads\/2025\/01\/suffest09m-216x300.jpg 216w\" sizes=\"auto, (max-width: 576px) 100vw, 576px\" \/><\/td>\r\n<td style=\"width: 76.8668%; height: 24px;\">\r\n<p><strong>SUFFEST 09<\/strong><\/p>\r\n<p>Sa\u0161a \u017divkovi\u0107 (autor teksta)<\/p>\r\n<p>Kri\u017eevci : Gradski muzej Kri\u017eevci, Udruga K.V.A.R.K. Kri\u017eevci, 2024.<\/p>\r\n<p>12 str., ilustr. u bojama, 21 cm<br \/>meki uvez<\/p>\r\n<p>ISBN: 978-953-8291-38-8<\/p>\r\n<p>Cijena:<\/p>\r\n<\/td>\r\n<\/tr>\r\n<tr style=\"height: 24px;\">\r\n<td style=\"width: 23.1332%; height: 24px;\"><img loading=\"lazy\" decoding=\"async\" class=\"alignnone size-medium wp-image-5985\" src=\"http:\/\/www.gradski-muzej-krizevci.hr\/wp-content\/uploads\/2024\/09\/kirin-241x300.jpg\" alt=\"\" width=\"241\" height=\"300\" srcset=\"http:\/\/www.gradski-muzej-krizevci.hr\/wp-content\/uploads\/2024\/09\/kirin-241x300.jpg 241w, http:\/\/www.gradski-muzej-krizevci.hr\/wp-content\/uploads\/2024\/09\/kirin.jpg 600w\" sizes=\"auto, (max-width: 241px) 100vw, 241px\" \/><\/td>\r\n<td style=\"width: 76.8668%; height: 24px;\">\r\n<p><strong>Prema slobodi postojanja<\/strong><\/p>\r\n<p>Kristina Kirin (autor)<\/p>\r\n<p>Tea Hatadi (autor teksta)<\/p>\r\n<p>ilustr. u bojama, 26 cm<br \/>ISBN: 978-953-8291-36-4<\/p>\r\n<p>Cijena: 4 Eur<\/p>\r\n<\/td>\r\n<\/tr>\r\n<tr style=\"height: 24px;\">\r\n<td style=\"width: 23.1332%; height: 24px;\"><img loading=\"lazy\" decoding=\"async\" class=\"alignnone size-medium wp-image-5799\" src=\"http:\/\/www.gradski-muzej-krizevci.hr\/wp-content\/uploads\/2024\/05\/eliana_ota-242x300.jpg\" alt=\"\" width=\"242\" height=\"300\" srcset=\"http:\/\/www.gradski-muzej-krizevci.hr\/wp-content\/uploads\/2024\/05\/eliana_ota-242x300.jpg 242w, http:\/\/www.gradski-muzej-krizevci.hr\/wp-content\/uploads\/2024\/05\/eliana_ota.jpg 644w\" sizes=\"auto, (max-width: 242px) 100vw, 242px\" \/><\/td>\r\n<td style=\"width: 76.8668%; height: 24px;\">\r\n<p><strong>Sentient beings<\/strong><\/p>\r\n<p>Aliana Otta (autor)<\/p>\r\n<p>Tea Hatadi (autor teksta)<\/p>\r\n<p>Kri\u017eevci : Gradski muzej Kri\u017eevci, 2024.<br \/>12 str., ilustr. u bojama, 26 cm<br \/>meki uvez<\/p>\r\n<p>ISBN: 978-953-8291-35-7<\/p>\r\n<p>Cijena: 7 Eur<\/p>\r\n<\/td>\r\n<\/tr>\r\n<tr style=\"height: 24px;\">\r\n<td style=\"width: 23.1332%; height: 24px;\"><img loading=\"lazy\" decoding=\"async\" class=\"alignnone size-medium wp-image-5800\" src=\"http:\/\/www.gradski-muzej-krizevci.hr\/wp-content\/uploads\/2024\/05\/fijolic_patuljak-243x300.jpg\" alt=\"\" width=\"243\" height=\"300\" srcset=\"http:\/\/www.gradski-muzej-krizevci.hr\/wp-content\/uploads\/2024\/05\/fijolic_patuljak-243x300.jpg 243w, http:\/\/www.gradski-muzej-krizevci.hr\/wp-content\/uploads\/2024\/05\/fijolic_patuljak.jpg 647w\" sizes=\"auto, (max-width: 243px) 100vw, 243px\" \/><\/td>\r\n<td style=\"width: 76.8668%; height: 24px;\">\r\n<p><strong>Patuljak<\/strong><\/p>\r\n<p>Ivan Fijoli\u0107 (autor)<\/p>\r\n<p>Tea Hatadi (autor teksta)<\/p>\r\n<p>Kri\u017eevci : Gradski muzej Kri\u017eevci, 2024.<br \/>12 str., ilustr. u bojama, 26 cm<br \/>meki uvez<\/p>\r\n<p>ISBN: 978-953-8291-34-0<\/p>\r\n<p>Cijena: 7 Eur<\/p>\r\n<\/td>\r\n<\/tr>\r\n<tr style=\"height: 24px;\">\r\n<td style=\"width: 23.1332%; height: 24px;\"><img loading=\"lazy\" decoding=\"async\" class=\"alignnone size-medium wp-image-5802\" src=\"http:\/\/www.gradski-muzej-krizevci.hr\/wp-content\/uploads\/2024\/05\/vise_nije_manje-243x300.jpg\" alt=\"\" width=\"243\" height=\"300\" srcset=\"http:\/\/www.gradski-muzej-krizevci.hr\/wp-content\/uploads\/2024\/05\/vise_nije_manje-243x300.jpg 243w, http:\/\/www.gradski-muzej-krizevci.hr\/wp-content\/uploads\/2024\/05\/vise_nije_manje.jpg 649w\" sizes=\"auto, (max-width: 243px) 100vw, 243px\" \/><\/td>\r\n<td style=\"width: 76.8668%; height: 24px;\">\r\n<p><strong>Vi\u0161e nije (uvijek) manje<\/strong><\/p>\r\n<p>Marijan \u0160poljar (autor teksta)<\/p>\r\n<p>Kri\u017eevci : Gradski muzej Kri\u017eevci, 2024.<br \/>4 str., ilustr. u bojama, 26 cm<br \/>meki uvez<\/p>\r\n<p>ISBN: 978-953-8291-33-3<\/p>\r\n<p>Cijena: 7 Eur<\/p>\r\n<\/td>\r\n<\/tr>\r\n<tr style=\"height: 24px;\">\r\n<td style=\"width: 23.1332%; height: 24px;\"><img loading=\"lazy\" decoding=\"async\" class=\"alignnone size-medium wp-image-5801\" src=\"http:\/\/www.gradski-muzej-krizevci.hr\/wp-content\/uploads\/2024\/05\/marta_radman-244x300.jpg\" alt=\"\" width=\"244\" height=\"300\" srcset=\"http:\/\/www.gradski-muzej-krizevci.hr\/wp-content\/uploads\/2024\/05\/marta_radman-244x300.jpg 244w, http:\/\/www.gradski-muzej-krizevci.hr\/wp-content\/uploads\/2024\/05\/marta_radman.jpg 651w\" sizes=\"auto, (max-width: 244px) 100vw, 244px\" \/><\/td>\r\n<td style=\"width: 76.8668%; height: 24px;\">\r\n<p><strong>Otkrivena drugost<\/strong><\/p>\r\n<p>Marta Radman (autor)<\/p>\r\n<p>Marta Radman (autor teksta)<\/p>\r\n<p>Kri\u017eevci : Gradski muzej Kri\u017eevci, 2024.<br \/>4 str., ilustr. u bojama, 26 cm<br \/>meki uvez<\/p>\r\n<p>ISBN: 978-953-8291-32-6<\/p>\r\n<p>Cijena: 7 Eur<\/p>\r\n<\/td>\r\n<\/tr>\r\n<tr style=\"height: 24px;\">\r\n<td style=\"width: 23.1332%; height: 24px;\"><img loading=\"lazy\" decoding=\"async\" class=\"alignnone size-medium wp-image-5984\" src=\"http:\/\/www.gradski-muzej-krizevci.hr\/wp-content\/uploads\/2024\/09\/suff-213x300.jpg\" alt=\"\" width=\"213\" height=\"300\" srcset=\"http:\/\/www.gradski-muzej-krizevci.hr\/wp-content\/uploads\/2024\/09\/suff-213x300.jpg 213w, http:\/\/www.gradski-muzej-krizevci.hr\/wp-content\/uploads\/2024\/09\/suff.jpg 600w\" sizes=\"auto, (max-width: 213px) 100vw, 213px\" \/><\/td>\r\n<td style=\"width: 76.8668%; height: 24px;\">\r\n<p><strong>Festival suvremenih umjetni\u010dkih formi<\/strong><\/p>\r\n<p>Kri\u017eevci : Gradski muzej Kri\u017eevci, 2023.<br \/>8 str., ilustr. u bojama, 21 cm<br \/>meki uvez<\/p>\r\n<p>ISBN: 978-953-8291-31-9<\/p>\r\n<p>Cijena: 4 Eur<\/p>\r\n<\/td>\r\n<\/tr>\r\n<tr style=\"height: 240px;\">\r\n<td style=\"width: 23.1332%; height: 240px;\"><img loading=\"lazy\" decoding=\"async\" class=\"alignnone size-medium wp-image-5983\" src=\"http:\/\/www.gradski-muzej-krizevci.hr\/wp-content\/uploads\/2024\/09\/muscet-212x300.jpg\" alt=\"\" width=\"212\" height=\"300\" srcset=\"http:\/\/www.gradski-muzej-krizevci.hr\/wp-content\/uploads\/2024\/09\/muscet-212x300.jpg 212w, http:\/\/www.gradski-muzej-krizevci.hr\/wp-content\/uploads\/2024\/09\/muscet.jpg 600w\" sizes=\"auto, (max-width: 212px) 100vw, 212px\" \/><\/td>\r\n<td style=\"width: 76.8668%; height: 240px;\">\r\n<p><strong>Dobre namjere \/ Good intentions<\/strong><\/p>\r\n<p>Ana Mu\u0161\u0107et (autor)<\/p>\r\n<p>Ana Mu\u0161\u0107et, Sonja Lebo\u0161 (autorice teksta)<\/p>\r\n<p>Kri\u017eevci : Gradski muzej Kri\u017eevci, 2023.<br \/>ISBN: 978-953-8291-30-2<\/p>\r\n<p>Cijena: 4 Eur<\/p>\r\n<\/td>\r\n<\/tr>\r\n<\/tbody>\r\n<\/table>\r\n<table width=\"1160\">\r\n<tbody>\r\n<tr>\r\n<td><img loading=\"lazy\" decoding=\"async\" class=\"alignnone size-medium wp-image-4266\" src=\"http:\/\/www.gradski-muzej-krizevci.hr\/wp-content\/uploads\/2022\/09\/Arheologija-kz_plakat.jpg\" alt=\"\" width=\"1\" height=\"1\" \/><img loading=\"lazy\" decoding=\"async\" class=\"alignnone size-medium wp-image-5276\" src=\"http:\/\/www.gradski-muzej-krizevci.hr\/wp-content\/uploads\/2023\/09\/galas_retrospektiva-243x300.jpg\" alt=\"\" width=\"243\" height=\"300\" srcset=\"http:\/\/www.gradski-muzej-krizevci.hr\/wp-content\/uploads\/2023\/09\/galas_retrospektiva-243x300.jpg 243w, http:\/\/www.gradski-muzej-krizevci.hr\/wp-content\/uploads\/2023\/09\/galas_retrospektiva-828x1024.jpg 828w, http:\/\/www.gradski-muzej-krizevci.hr\/wp-content\/uploads\/2023\/09\/galas_retrospektiva-768x949.jpg 768w, http:\/\/www.gradski-muzej-krizevci.hr\/wp-content\/uploads\/2023\/09\/galas_retrospektiva-1243x1536.jpg 1243w, http:\/\/www.gradski-muzej-krizevci.hr\/wp-content\/uploads\/2023\/09\/galas_retrospektiva-1657x2048.jpg 1657w\" sizes=\"auto, (max-width: 243px) 100vw, 243px\" \/><\/td>\r\n<td>\r\n<p><strong>Retrospektiva nagra\u0111enih radova<\/strong><\/p>\r\n<p><strong>Igor Gala\u0161<\/strong><\/p>\r\n<p>Elizabeta Wagner (autorica teksta)<br \/>Kri\u017eevci : Gradski muzej Kri\u017eevci, 2023.<br \/>36 str., ilustr. u bojama, 24 cm<br \/>meki uvez<br \/>ISBN: 978-953-8291-28-9<br \/><br \/>Cijena:\u00a0 7\u00a0 Eur<\/p>\r\n<\/td>\r\n<\/tr>\r\n<tr>\r\n<td><img loading=\"lazy\" decoding=\"async\" class=\"alignnone size-medium wp-image-5277\" src=\"http:\/\/www.gradski-muzej-krizevci.hr\/wp-content\/uploads\/2023\/09\/sibl_odiseja-241x300.jpg\" alt=\"\" width=\"241\" height=\"300\" srcset=\"http:\/\/www.gradski-muzej-krizevci.hr\/wp-content\/uploads\/2023\/09\/sibl_odiseja-241x300.jpg 241w, http:\/\/www.gradski-muzej-krizevci.hr\/wp-content\/uploads\/2023\/09\/sibl_odiseja-824x1024.jpg 824w, http:\/\/www.gradski-muzej-krizevci.hr\/wp-content\/uploads\/2023\/09\/sibl_odiseja-768x955.jpg 768w, http:\/\/www.gradski-muzej-krizevci.hr\/wp-content\/uploads\/2023\/09\/sibl_odiseja-1236x1536.jpg 1236w, http:\/\/www.gradski-muzej-krizevci.hr\/wp-content\/uploads\/2023\/09\/sibl_odiseja-1648x2048.jpg 1648w\" sizes=\"auto, (max-width: 241px) 100vw, 241px\" \/><\/td>\r\n<td>\r\n<p><strong>Odiseja \u00a0 \u00a0 \u00a0 \u00a0 \u00a0 \u00a0 \u00a0 \u00a0 \u00a0 \u00a0 \u00a0 \u00a0 \u00a0 \u00a0 \u00a0 \u00a0 \u00a0 \u00a0 \u00a0 \u00a0 \u00a0 \u00a0 \u00a0 \u00a0 \u00a0 \u00a0 \u00a0 \u00a0 \u00a0 \u00a0 \u00a0 \u00a0 \u00a0 \u00a0 \u00a0 \u00a0 \u00a0 \u00a0 \u00a0 \u00a0\u00a0 \u00a0\u00a0\u00a0\u00a0\u00a0\u00a0\u00a0\u00a0\u00a0\u00a0\u00a0\u00a0\u00a0\u00a0\u00a0\u00a0\u00a0\u00a0\u00a0\u00a0\u00a0\u00a0\u00a0\u00a0\u00a0\u00a0\u00a0\u00a0\u00a0\u00a0\u00a0\u00a0\u00a0\u00a0\u00a0\u00a0\u00a0\u00a0\u00a0\u00a0\u00a0\u00a0\u00a0\u00a0\u00a0\u00a0\u00a0\u00a0\u00a0\u00a0\u00a0\u00a0\u00a0\u00a0\u00a0\u00a0\u00a0\u00a0\u00a0\u00a0\u00a0\u00a0\u00a0\u00a0\u00a0\u00a0\u00a0\u00a0\u00a0\u00a0\u00a0\u00a0\u00a0\u00a0\u00a0\u00a0\u00a0\u00a0 <br \/><\/strong><\/p>\r\n<p><strong>Du\u0161ko \u0160ibl \u00a0 <\/strong>\u00a0 <br \/><br \/>Elizabeta Wagner (autorica teksta)<br \/>Kri\u017eevci : Gradski muzej Kri\u017eevci, 2023.<br \/>24 str., ilustr. u bojama, 24 cm<br \/>meki uvez<br \/>ISBN: 978-953-8291-27-2<\/p>\r\n<p>Cijena: 37,67 kn \/ 5 Eur<\/p>\r\n<\/td>\r\n<\/tr>\r\n<\/tbody>\r\n<\/table>\r\n<table style=\"height: 666px;\" width=\"891\">\r\n<tbody>\r\n<tr>\r\n<td><img loading=\"lazy\" decoding=\"async\" class=\"alignnone size-medium wp-image-4266\" src=\"http:\/\/www.gradski-muzej-krizevci.hr\/wp-content\/uploads\/2022\/09\/Arheologija-kz_plakat.jpg\" alt=\"\" width=\"1\" height=\"1\" \/><img loading=\"lazy\" decoding=\"async\" class=\"alignnone size-medium wp-image-5274\" src=\"http:\/\/www.gradski-muzej-krizevci.hr\/wp-content\/uploads\/2023\/09\/hotel_kalnik-242x300.jpg\" alt=\"\" width=\"242\" height=\"300\" srcset=\"http:\/\/www.gradski-muzej-krizevci.hr\/wp-content\/uploads\/2023\/09\/hotel_kalnik-242x300.jpg 242w, http:\/\/www.gradski-muzej-krizevci.hr\/wp-content\/uploads\/2023\/09\/hotel_kalnik-825x1024.jpg 825w, http:\/\/www.gradski-muzej-krizevci.hr\/wp-content\/uploads\/2023\/09\/hotel_kalnik-768x953.jpg 768w, http:\/\/www.gradski-muzej-krizevci.hr\/wp-content\/uploads\/2023\/09\/hotel_kalnik-1237x1536.jpg 1237w, http:\/\/www.gradski-muzej-krizevci.hr\/wp-content\/uploads\/2023\/09\/hotel_kalnik-1650x2048.jpg 1650w\" sizes=\"auto, (max-width: 242px) 100vw, 242px\" \/><\/td>\r\n<td>\r\n<p><strong>50 godina Hotela &#8220;Kalnik&#8221; Kri\u017eevci<\/strong>\u00a0<\/p>\r\n<p>Damjan Abou Aldan (autor)<br \/>Damjan Abou Aldan (autor teksta)<br \/>Kri\u017eevci : Gradski muzej Kri\u017eevci, 2023.<br \/>52 str., ilustr. u bojama, 24 cm<br \/>meki uvez<br \/>ISBN: 978-953-8291-26-5<br \/><br \/>Cijena:\u00a0 7 Eur<\/p>\r\n<\/td>\r\n<\/tr>\r\n<tr>\r\n<td><img loading=\"lazy\" decoding=\"async\" class=\"alignnone size-medium wp-image-5278\" src=\"http:\/\/www.gradski-muzej-krizevci.hr\/wp-content\/uploads\/2023\/09\/perspektiva-246x300.jpg\" alt=\"\" width=\"246\" height=\"300\" srcset=\"http:\/\/www.gradski-muzej-krizevci.hr\/wp-content\/uploads\/2023\/09\/perspektiva-246x300.jpg 246w, http:\/\/www.gradski-muzej-krizevci.hr\/wp-content\/uploads\/2023\/09\/perspektiva-838x1024.jpg 838w, http:\/\/www.gradski-muzej-krizevci.hr\/wp-content\/uploads\/2023\/09\/perspektiva-768x938.jpg 768w, http:\/\/www.gradski-muzej-krizevci.hr\/wp-content\/uploads\/2023\/09\/perspektiva-1258x1536.jpg 1258w, http:\/\/www.gradski-muzej-krizevci.hr\/wp-content\/uploads\/2023\/09\/perspektiva-1677x2048.jpg 1677w\" sizes=\"auto, (max-width: 246px) 100vw, 246px\" \/><\/td>\r\n<td>\r\n<p><strong>\u017denska i mu\u0161ka perspektiva <\/strong><\/p>\r\n<p><strong>u naivnom slikarstvu\u00a0\u00a0\u00a0\u00a0\u00a0\u00a0\u00a0\u00a0\u00a0\u00a0\u00a0\u00a0\u00a0\u00a0\u00a0\u00a0\u00a0\u00a0\u00a0\u00a0\u00a0\u00a0\u00a0\u00a0\u00a0\u00a0\u00a0\u00a0\u00a0\u00a0\u00a0\u00a0\u00a0\u00a0\u00a0\u00a0\u00a0\u00a0\u00a0\u00a0\u00a0\u00a0\u00a0\u00a0\u00a0\u00a0\u00a0\u00a0\u00a0\u00a0\u00a0\u00a0\u00a0\u00a0\u00a0\u00a0\u00a0\u00a0\u00a0\u00a0\u00a0\u00a0\u00a0\u00a0\u00a0\u00a0\u00a0\u00a0\u00a0\u00a0\u00a0\u00a0\u00a0\u00a0\u00a0\u00a0\u00a0\u00a0\u00a0 <br \/><\/strong><\/p>\r\n<p><strong>\u0110ur\u0111ica Balog i Pero Topljak\u00a0\u00a0\u00a0\u00a0<\/strong>\u00a0 <br \/><br \/>Tea Hatadi (autor)<br \/>Tea Hatadi (autor teksta)<br \/>Kri\u017eevci : Gradski muzej Kri\u017eevci, 2023.<br \/>24 str., ilustr. u bojama, 24 cm<br \/>meki uvez<br \/>ISBN: 978-953-8291-25-8<\/p>\r\n<p>Cijena:\u00a0 5 Eur<\/p>\r\n<\/td>\r\n<\/tr>\r\n<\/tbody>\r\n<\/table>\r\n<table style=\"height: 695px;\" width=\"831\">\r\n<tbody>\r\n<tr>\r\n<td><img loading=\"lazy\" decoding=\"async\" class=\"alignnone size-medium wp-image-4266\" src=\"http:\/\/www.gradski-muzej-krizevci.hr\/wp-content\/uploads\/2022\/09\/Arheologija-kz_plakat.jpg\" alt=\"\" width=\"1\" height=\"1\" \/><img loading=\"lazy\" decoding=\"async\" class=\"alignnone size-medium wp-image-5275\" src=\"http:\/\/www.gradski-muzej-krizevci.hr\/wp-content\/uploads\/2023\/09\/zenski_svijet-244x300.jpg\" alt=\"\" width=\"244\" height=\"300\" srcset=\"http:\/\/www.gradski-muzej-krizevci.hr\/wp-content\/uploads\/2023\/09\/zenski_svijet-244x300.jpg 244w, http:\/\/www.gradski-muzej-krizevci.hr\/wp-content\/uploads\/2023\/09\/zenski_svijet-834x1024.jpg 834w, http:\/\/www.gradski-muzej-krizevci.hr\/wp-content\/uploads\/2023\/09\/zenski_svijet-768x944.jpg 768w, http:\/\/www.gradski-muzej-krizevci.hr\/wp-content\/uploads\/2023\/09\/zenski_svijet-1250x1536.jpg 1250w, http:\/\/www.gradski-muzej-krizevci.hr\/wp-content\/uploads\/2023\/09\/zenski_svijet-1667x2048.jpg 1667w\" sizes=\"auto, (max-width: 244px) 100vw, 244px\" \/><\/td>\r\n<td>\r\n<p><strong>\u017denski svijet<\/strong><\/p>\r\n<p><strong>Jelena Bra\u010dun i Ida Loher<\/strong><br \/>\u00a0<br \/>Tea Hatadi (autorica teksta)<br \/>Kri\u017eevci : Gradski muzej Kri\u017eevci, 2023.<br \/>24 str., ilustr. u bojama, 24 cm<br \/>meki uvez<br \/>ISBN: 978-953-8291-24-1<br \/><br \/>Cijena: 5 Eur<\/p>\r\n<\/td>\r\n<\/tr>\r\n<tr>\r\n<td><img loading=\"lazy\" decoding=\"async\" class=\"size-medium wp-image-5279 alignnone\" src=\"http:\/\/www.gradski-muzej-krizevci.hr\/wp-content\/uploads\/2023\/09\/revizija_zena-245x300.jpg\" alt=\"\" width=\"245\" height=\"300\" srcset=\"http:\/\/www.gradski-muzej-krizevci.hr\/wp-content\/uploads\/2023\/09\/revizija_zena-245x300.jpg 245w, http:\/\/www.gradski-muzej-krizevci.hr\/wp-content\/uploads\/2023\/09\/revizija_zena-837x1024.jpg 837w, http:\/\/www.gradski-muzej-krizevci.hr\/wp-content\/uploads\/2023\/09\/revizija_zena-768x939.jpg 768w, http:\/\/www.gradski-muzej-krizevci.hr\/wp-content\/uploads\/2023\/09\/revizija_zena-1256x1536.jpg 1256w, http:\/\/www.gradski-muzej-krizevci.hr\/wp-content\/uploads\/2023\/09\/revizija_zena-1675x2048.jpg 1675w\" sizes=\"auto, (max-width: 245px) 100vw, 245px\" \/><\/td>\r\n<td><strong>&#8220;Revizija &#8216;\u017dena'&#8221; &#8211; 70 godina Gradskog muzeja Kri\u017eevci<\/strong> <br \/><br \/>Branko Franceschi i Tea Hatadi (autor)<br \/>Branko Franceschi i Tea Hatadi (autori tekstova)<br \/>Kri\u017eevci : Gradski muzej Kri\u017eevci, 2023.<br \/>52 str., ilustr. u bojama, 24 cm<br \/>meki uvez<br \/>ISBN: 978-953-8291-23-4<br \/>\r\n<p>Cijena:\u00a0 7\u00a0 Eur<\/p>\r\n<\/td>\r\n<\/tr>\r\n<\/tbody>\r\n<\/table>\r\n<\/figure>\r\n<\/div>\r\n<\/div>\r\n<!-- \/wp:paragraph -->\r\n\r\n<!-- wp:columns -->\r\n<div class=\"wp-block-columns\"><!-- wp:column {\"width\":\"100%\"} -->\r\n<div class=\"wp-block-column\" style=\"flex-basis: 100%;\"><!-- wp:table {\"className\":\"is-style-stripes\"} -->\r\n<figure class=\"wp-block-table is-style-stripes\">\r\n<table>\r\n<tbody>\r\n<tr>\r\n<td><img loading=\"lazy\" decoding=\"async\" class=\"alignnone size-medium wp-image-4266\" src=\"http:\/\/www.gradski-muzej-krizevci.hr\/wp-content\/uploads\/2022\/09\/Arheologija-kz_plakat.jpg\" alt=\"\" width=\"1\" height=\"1\" \/><img loading=\"lazy\" decoding=\"async\" class=\"alignnone  wp-image-4266\" src=\"http:\/\/www.gradski-muzej-krizevci.hr\/wp-content\/uploads\/2022\/09\/Arheologija-kz_plakat.jpg\" alt=\"\" width=\"229\" height=\"320\" \/><\/td>\r\n<td>\r\n<p><strong>80 godina arheologije na kri\u017eeva\u010dkom podru\u010dju &#8211; <\/strong><\/p>\r\n<p><strong>70 godina Gradskog muzeja Kri\u017eevci<\/strong> <br \/>\u00a0<br \/>Lana Okro\u0161a Ro\u017ei\u0107 (autor)<br \/>Kri\u017eevci : Gradski muzej Kri\u017eevci, 2022.<br \/>64 str., ilustr. u bojama, 24 cm<br \/>meki uvez<br \/>ISBN: 978-953-8291-22-7<br \/><br \/>Cijena:\u00a0 7 Eur<\/p>\r\n<\/td>\r\n<\/tr>\r\n<tr>\r\n<td><img loading=\"lazy\" decoding=\"async\" class=\"alignnone  wp-image-4088\" src=\"http:\/\/www.gradski-muzej-krizevci.hr\/wp-content\/uploads\/2022\/06\/put_cipke_web-242x300.jpg\" alt=\"\" width=\"225\" height=\"279\" srcset=\"http:\/\/www.gradski-muzej-krizevci.hr\/wp-content\/uploads\/2022\/06\/put_cipke_web-242x300.jpg 242w, http:\/\/www.gradski-muzej-krizevci.hr\/wp-content\/uploads\/2022\/06\/put_cipke_web.jpg 646w\" sizes=\"auto, (max-width: 225px) 100vw, 225px\" \/><\/td>\r\n<td><strong>Put \u010dipke &#8211; 70 godina Gradskog muzeja Kri\u017eevci<\/strong> <br \/><br \/>Vesna Per\u0161i\u0107 Kova\u010d (autor)<br \/>Ivan Vinkovi\u0107, Vesna Per\u0161i\u0107 Kova\u010d, Ljiljana Stanko (autori tekstova)<br \/>Kri\u017eevci : Gradski muzej Kri\u017eevci, 2022.<br \/>64 str., ilustr. u bojama, 24 cm<br \/>meki uvez<br \/>ISBN: 978-953-8291-21-0\r\n<p>Cijena:\u00a0 7 Eur<\/p>\r\n<\/td>\r\n<\/tr>\r\n<tr>\r\n<td><img loading=\"lazy\" decoding=\"async\" class=\"alignnone  wp-image-3859\" src=\"http:\/\/www.gradski-muzej-krizevci.hr\/wp-content\/uploads\/2022\/04\/CKB-214x300.jpg\" alt=\"\" width=\"215\" height=\"302\" srcset=\"http:\/\/www.gradski-muzej-krizevci.hr\/wp-content\/uploads\/2022\/04\/CKB-214x300.jpg 214w, http:\/\/www.gradski-muzej-krizevci.hr\/wp-content\/uploads\/2022\/04\/CKB.jpg 651w\" sizes=\"auto, (max-width: 215px) 100vw, 215px\" \/><\/td>\r\n<td><strong>\u010cuvar kri\u017eeva\u010dke ba\u0161tine \u2013 70 godina Gradskog muzeja Kri\u017eevci<\/strong> \u00a0<br \/><br \/>Ozren Blagec (autor)<br \/>Kri\u017eevci : Gradski muzej Kri\u017eevci, 2022.<br \/>100 str., ilustr. u bojama, 24 cm<br \/>meki uvez<br \/>ISBN: 978-953-8291-20-3<br \/><br \/>Cijena: <del>10 Eur<\/del> popust 30 % (52,74 kn \/ 7 Eur)<\/td>\r\n<\/tr>\r\n<tr>\r\n<td><img loading=\"lazy\" decoding=\"async\" class=\"alignnone size-medium wp-image-3860\" src=\"http:\/\/www.gradski-muzej-krizevci.hr\/wp-content\/uploads\/2022\/04\/palosika-211x300.jpg\" alt=\"\" width=\"211\" height=\"300\" srcset=\"http:\/\/www.gradski-muzej-krizevci.hr\/wp-content\/uploads\/2022\/04\/palosika-211x300.jpg 211w, http:\/\/www.gradski-muzej-krizevci.hr\/wp-content\/uploads\/2022\/04\/palosika.jpg 638w\" sizes=\"auto, (max-width: 211px) 100vw, 211px\" \/><\/td>\r\n<td><strong>Kri\u017eevci u filateliji \u2013 iz zbirke Vladimira Palo\u0161ike<\/strong> \u00a0<br \/><br \/>Vladimir Palo\u0161ika (autor)<br \/>Kri\u017eevci : Gradski muzej Kri\u017eevci, 2022.<br \/>24 str., ilustr. u bojama, 30 cm<br \/>meki uvez<br \/>ISBN: 978-953-8291-16-6<br \/><br \/>Cijena:\u00a0 5 Eur<\/td>\r\n<\/tr>\r\n<tr>\r\n<td><img loading=\"lazy\" decoding=\"async\" class=\"\" src=\"http:\/\/www.gradski-muzej-krizevci.hr\/wp-content\/uploads\/2021\/12\/IMG-20211213-WA0006-300x211.jpg\" alt=\"\" width=\"244\" height=\"171\" \/><\/td>\r\n<td><strong>Zvonimir Balog<br \/><\/strong><br \/>Marijan \u0160poljar (autor teksta)<br \/>Kri\u017eevci : Gradski muzej Kri\u017eevci, 2021.<br \/>26 str., ilustr. u bojama, 24 cm<br \/>meki uvez<br \/>ISBN: 978-953-8291-21-0<br \/><br \/>Cijena:\u00a0 5 Eur<\/td>\r\n<\/tr>\r\n<tr>\r\n<td><img loading=\"lazy\" decoding=\"async\" class=\"\" src=\"http:\/\/www.gradski-muzej-krizevci.hr\/wp-content\/uploads\/2021\/11\/1-Ivica-Malcic_Imam-slike-da-me-zastite-300x272.jpg\" alt=\"\" width=\"225\" height=\"204\" \/><\/td>\r\n<td><strong>Dante 700 &#8211; I u paklu mo\u017ee biti dobro?<br \/><\/strong><br \/>Elizabeta Wagner (autor)<br \/>Kri\u017eevci : Gradski muzej Kri\u017eevci, 2021.<br \/>76 str., ilustr. u bojama,\u00a0 cm<br \/>meki uvez<br \/>ISBN: 978-953-8291-18-0<br \/><br \/>Cijena:\u00a0<del> 10 Eur<\/del> popust 30 % (52,74 kn \/ 7 Eur)<\/td>\r\n<\/tr>\r\n<tr>\r\n<td><img loading=\"lazy\" decoding=\"async\" class=\"\" src=\"http:\/\/www.gradski-muzej-krizevci.hr\/wp-content\/uploads\/2021\/11\/jukic_mala-300x211.jpg\" alt=\"\" width=\"240\" height=\"169\" \/><\/td>\r\n<td><strong>Irena Juki\u0107 Pranji\u0107 &#8211; Dnevnik snivanja i filozofiranja<br \/><\/strong><br \/>Frano Dulubi\u0107 (autor teksta)<br \/>Kri\u017eevci : Gradski muzej Kri\u017eevci, 2021.<br \/>1 list, ilustr. u bojama, 42 cm<br \/>ISBN: 978-953-8291-17-3<br \/><br \/>Cijena:\u00a0 5 Eur<\/td>\r\n<\/tr>\r\n<tr>\r\n<td><img loading=\"lazy\" decoding=\"async\" class=\"\" src=\"http:\/\/www.gradski-muzej-krizevci.hr\/wp-content\/uploads\/2021\/11\/szeverin_mala-197x300.jpg\" alt=\"\" width=\"214\" height=\"326\" \/><\/td>\r\n<td><strong>Kri\u017eeva\u010dki kipar Stjepan Szever(in)<br \/><\/strong><br \/>Zdenko Balog (autor)<br \/>Zdenko Balog, Jasmina Fo\u010dkan, Tea Hatadi (autori tekstova)<br \/>Kri\u017eevci : Gradski muzej Kri\u017eevci, 2021.<br \/>98 str., ilustr. u bojama, 24 cm<br \/>meki uvez<br \/>ISBN: 978-953-8291-15-9<br \/><br \/>Cijena:\u00a0 10 Eur<\/td>\r\n<\/tr>\r\n<tr>\r\n<td><img loading=\"lazy\" decoding=\"async\" class=\"\" src=\"http:\/\/www.gradski-muzej-krizevci.hr\/wp-content\/uploads\/2021\/07\/2-periferije-271x300.jpg\" alt=\"\" width=\"222\" height=\"246\" \/><\/td>\r\n<td><strong>2 PERIFERIJE<br \/><\/strong><br \/>Tea Hatadi, Bojan Kri\u0161tofi\u0107, Tanja \u0160poljar (autori)<br \/>Kri\u017eevci : Gradski muzej Kri\u017eevci, 2021.<br \/>76 str., ilustr. u bojama, 16 cm<br \/>meki uvez<br \/>ISBN: 978-953-8291-14-2<br \/><br \/>Cijena:\u00a0 10 Eur<\/td>\r\n<\/tr>\r\n<tr>\r\n<td><img loading=\"lazy\" decoding=\"async\" class=\"\" src=\"http:\/\/www.gradski-muzej-krizevci.hr\/wp-content\/uploads\/2021\/11\/homen_mala-210x300.jpg\" alt=\"\" width=\"202\" height=\"289\" \/><\/td>\r\n<td><strong>Zoran Homen &#8211; Retrospektiva<br \/><\/strong><br \/>Stanko \u0160poljari\u0107 (autor teksta)<br \/>Kri\u017eevci : Gradski muzej Kri\u017eevci, 2021.<br \/>34 str., ilustr. u bojama, cm<br \/>meki uvez<br \/>ISBN: 978-953-8291-13-5<br \/><br \/>Cijena:\u00a0 5 Eur<\/td>\r\n<\/tr>\r\n<tr>\r\n<td><img loading=\"lazy\" decoding=\"async\" class=\"alignnone  wp-image-3897\" src=\"http:\/\/www.gradski-muzej-krizevci.hr\/wp-content\/uploads\/2022\/04\/veterinarski-209x300.jpg\" alt=\"\" width=\"200\" height=\"287\" srcset=\"http:\/\/www.gradski-muzej-krizevci.hr\/wp-content\/uploads\/2022\/04\/veterinarski-209x300.jpg 209w, http:\/\/www.gradski-muzej-krizevci.hr\/wp-content\/uploads\/2022\/04\/veterinarski.jpg 697w\" sizes=\"auto, (max-width: 200px) 100vw, 200px\" \/><\/td>\r\n<td><strong>120 godina Veterinarskog zavoda u Kri\u017eevcima<\/strong> \u00a0<br \/><br \/>Tea Hatadi, Ana Kon\u010durat (autori)<br \/>Ozren Blagec, \u017deljko Cvetni\u0107, Ana Kon\u010durat, Darko Majnari\u0107, Damir Pavi\u010dek, Tomislav Sukali\u0107 (autori tekstova)<br \/>Kri\u017eevci : Gradski muzej Kri\u017eevci i Zagreb : Hrvatski veterinarski institut Podru\u017enica Veterinarski zavod Kri\u017eevci, 2021.<br \/>52 str., ilustr. u bojama, 30 cm<br \/>meki uvez<br \/>ISBN: 978-953-8291-12-8<br \/><br \/>Cijena:\u00a0 7 Eur<\/td>\r\n<\/tr>\r\n<tr>\r\n<td><img loading=\"lazy\" decoding=\"async\" class=\"\" src=\"http:\/\/www.gradski-muzej-krizevci.hr\/wp-content\/uploads\/2021\/11\/okidanje_mala-214x300.jpg\" alt=\"\" width=\"201\" height=\"282\" \/><\/td>\r\n<td><strong>&#8220;&#8216;Meko&#8217; okidanje?&#8221;<br \/><\/strong> \u00a0<br \/>Sandra Kri\u017ei\u0107 Roban (autor)<br \/>Kri\u017eevci : Gradski muzej Kri\u017eevci, 2021.<br \/>1 list, ilustr. u bojama, 24 cm<br \/>ISBN: 978-953-8291-11-1<br \/><br \/>Cijena:\u00a0 5 Eur<\/td>\r\n<\/tr>\r\n<tr>\r\n<td><img loading=\"lazy\" decoding=\"async\" src=\"http:\/\/www.gradski-muzej-krizevci.hr\/wp-content\/uploads\/2021\/05\/celik_naslovnica_mala-199x300.jpg\" alt=\"\" width=\"199\" height=\"300\" \/><\/td>\r\n<td><strong>Od cehova do \u010celika i nakon<br \/><\/strong><br \/>Tea Hatadi (autor)<br \/>Ozren Blagec, Branko Franceschi, Tea Hatadi, Sandro Novosel, Alma Trauber, Jelka Vukobratovi\u0107 (autori teksta)<br \/>Kri\u017eevci : Gradski muzej Kri\u017eevci, 2020.<br \/>98 str., ilustr. u bojama, 16 cm<br \/>meki uvez<br \/>ISBN: 978-953-8291-10-4<br \/><br \/>Cijena:\u00a0 10 Eur<\/td>\r\n<\/tr>\r\n<tr>\r\n<td><img loading=\"lazy\" decoding=\"async\" class=\"\" src=\"http:\/\/www.gradski-muzej-krizevci.hr\/wp-content\/uploads\/2020\/10\/metalurske_kulture_mala-213x300.jpg\" alt=\"\" width=\"210\" height=\"296\" \/><\/td>\r\n<td><strong>Prapovijesne metalur\u0161ke kulture kri\u017eeva\u010dkog podru\u010dja<br \/><\/strong> \u00a0<br \/>Lana Okro\u0161a Ro\u017ei\u0107 (autor)<br \/>Kri\u017eevci : Gradski muzej Kri\u017eevci, 2020.<br \/>34 str., ilustr. u bojama, 29 cm<br \/>meki uvez<br \/>ISBN: 978-953-8291-08-1<br \/><br \/><br \/>Cijena:\u00a0 5 Eur<\/td>\r\n<\/tr>\r\n<tr>\r\n<td><img loading=\"lazy\" decoding=\"async\" class=\"\" src=\"http:\/\/www.gradski-muzej-krizevci.hr\/wp-content\/uploads\/2022\/11\/2022-11-19-209x300.png\" alt=\"\" width=\"215\" height=\"308\" \/><\/td>\r\n<td><strong>Tomislav Gotovac &#8211; Udisanje zraka<br \/><\/strong> \u00a0<br \/>Darko \u0160imi\u010di\u0107 (autor)<br \/>Kri\u017eevci : Gradski muzej Kri\u017eevci, 2022.<br \/>1 list plakat, ilustr. u bojama, 50 x 70 cm<br \/>meki uvez<br \/>ISBN: 978-953-8291-09-8<br \/><br \/>Cijena:\u00a0 5 Eur<\/td>\r\n<\/tr>\r\n<tr>\r\n<td><img loading=\"lazy\" decoding=\"async\" class=\"\" src=\"http:\/\/www.gradski-muzej-krizevci.hr\/wp-content\/uploads\/2020\/09\/zivkovic-204x300.jpg\" alt=\"\" width=\"209\" height=\"307\" \/><\/td>\r\n<td><strong>Sa\u0161a \u017divkovi\u0107 &#8211; Mjesto gdje su sjene hladne<br \/><\/strong> \u00a0<br \/>Marijan \u0160poljar, Tanja \u0160poljar (autor teksta)<br \/>Kri\u017eevci : Gradski muzej Kri\u017eevci, 2020.<br \/>26 str., ilustr. u bojama, 24 cm<br \/>meki uvez<br \/>ISBN: 978-953-8291-06-7<br \/><br \/><br \/>Cijena:\u00a0 5 Eur<\/td>\r\n<\/tr>\r\n<tr>\r\n<td><img loading=\"lazy\" decoding=\"async\" src=\"http:\/\/www.gradski-muzej-krizevci.hr\/wp-content\/uploads\/2020\/09\/hlebinska_skola-209x300.jpg\" alt=\"\" width=\"209\" height=\"300\" \/><\/td>\r\n<td><strong>Hlebinska \u0161kola<br \/><\/strong> \u00a0<br \/>Helena Ku\u0161eni\u0107 (autor teksta)<br \/>Kri\u017eevci : Gradski muzej Kri\u017eevci, 2020.<br \/>26 str., ilustr. u bojama,\u00a0 cm<br \/>meki uvez<br \/>ISBN: 978-953-8291-07-4<br \/><br \/><br \/>Cijena:\u00a0 5 Eur<\/td>\r\n<\/tr>\r\n<tr>\r\n<td><img loading=\"lazy\" decoding=\"async\" class=\"alignnone size-medium wp-image-3889\" src=\"http:\/\/www.gradski-muzej-krizevci.hr\/wp-content\/uploads\/2022\/04\/kemija-205x300.jpg\" alt=\"\" width=\"205\" height=\"300\" srcset=\"http:\/\/www.gradski-muzej-krizevci.hr\/wp-content\/uploads\/2022\/04\/kemija-205x300.jpg 205w, http:\/\/www.gradski-muzej-krizevci.hr\/wp-content\/uploads\/2022\/04\/kemija.jpg 683w\" sizes=\"auto, (max-width: 205px) 100vw, 205px\" \/><\/td>\r\n<td><strong>Bezbroj lica periodnog sustava elemenata<\/strong> \u00a0<br \/><br \/>Nenad Raos (autor)<br \/>Kri\u017eevci : Gradski muzej Kri\u017eevci, 2020.<br \/>48 str., ilustr. u bojama, 23 cm<br \/>meki uvez<br \/>ISBN: 978-953-8291-03-6<br \/><br \/>Cijena:\u00a0 7 Eur<\/td>\r\n<\/tr>\r\n<tr>\r\n<td><img loading=\"lazy\" decoding=\"async\" class=\"alignnone size-medium wp-image-3888\" src=\"http:\/\/www.gradski-muzej-krizevci.hr\/wp-content\/uploads\/2022\/04\/grdenic-206x300.jpg\" alt=\"\" width=\"206\" height=\"300\" srcset=\"http:\/\/www.gradski-muzej-krizevci.hr\/wp-content\/uploads\/2022\/04\/grdenic-206x300.jpg 206w, http:\/\/www.gradski-muzej-krizevci.hr\/wp-content\/uploads\/2022\/04\/grdenic.jpg 685w\" sizes=\"auto, (max-width: 206px) 100vw, 206px\" \/><\/td>\r\n<td><strong>Drago Grdeni\u0107<\/strong> \u00a0<br \/><br \/>Ozren Blagec (autor)<br \/>Kri\u017eevci : Gradski muzej Kri\u017eevci, 2020.<br \/>deplijan, 23 cm<br \/><br \/>Cijena:<\/td>\r\n<\/tr>\r\n<tr>\r\n<td><img loading=\"lazy\" decoding=\"async\" class=\"\" src=\"http:\/\/www.gradski-muzej-krizevci.hr\/wp-content\/uploads\/2020\/03\/ZEMLJA_S-263x300.jpg\" alt=\"\" width=\"214\" height=\"244\" \/><\/td>\r\n<td><strong>ZEMLJA<\/strong> \u00a0<br \/><br \/>Kri\u017eevci : Gradski muzej Kri\u017eevci, 2019.<br \/>26 str., ilustr. u bojama, 20 cm<br \/>meki uvez<br \/>ISBN: 978-953-8291-02-9<br \/><br \/><br \/>Cijena:\u00a0 5 Eur<\/td>\r\n<\/tr>\r\n<tr>\r\n<td><img loading=\"lazy\" decoding=\"async\" class=\"alignnone size-medium wp-image-588\" src=\"http:\/\/www.gradski-muzej-krizevci.hr\/wp-content\/uploads\/2019\/05\/veliki_rat-209x300.jpg\" alt=\"\" width=\"209\" height=\"300\" srcset=\"http:\/\/www.gradski-muzej-krizevci.hr\/wp-content\/uploads\/2019\/05\/veliki_rat-209x300.jpg 209w, http:\/\/www.gradski-muzej-krizevci.hr\/wp-content\/uploads\/2019\/05\/veliki_rat.jpg 697w\" sizes=\"auto, (max-width: 209px) 100vw, 209px\" \/><\/td>\r\n<td><strong>Kri\u017eevci u Velikom ratu<\/strong> \u00a0<br \/><br \/>Tomislav Bogdanovi\u0107, Vijoleta Herman Kauri\u0107, Marko Vuki\u010devi\u0107 (autori)<br \/>Kri\u017eevci : Gradski muzej Kri\u017eevci, 2018.<br \/>32 str., ilustr. u bojama, 30 cm<br \/>meki uvez<br \/>ISBN: 978-953-59104-7-3<br \/><br \/>Cijena: 37,67 kn \/ 5 Eura<\/td>\r\n<\/tr>\r\n<tr>\r\n<td><img loading=\"lazy\" decoding=\"async\" class=\"alignnone size-medium wp-image-393\" src=\"http:\/\/www.gradski-muzej-krizevci.hr\/wp-content\/uploads\/2017\/10\/Lasi-213x300.jpg\" alt=\"\" width=\"213\" height=\"300\" srcset=\"http:\/\/www.gradski-muzej-krizevci.hr\/wp-content\/uploads\/2017\/10\/Lasi-213x300.jpg 213w, http:\/\/www.gradski-muzej-krizevci.hr\/wp-content\/uploads\/2017\/10\/Lasi.jpg 649w\" sizes=\"auto, (max-width: 213px) 100vw, 213px\" \/><\/td>\r\n<td><strong>Lasi si je po\u010desala \u2013 Tradicijske frizure i oglavlja kri\u017eeva\u010dkog Prigorja<\/strong> \u00a0<br \/><br \/>Ivana Ru\u017ei\u0107 (autor)<br \/>Kri\u017eevci : Gradski muzej Kri\u017eevci, 2017.<br \/>8 str., ilustr. u bojama, 30 cm<br \/>meki uvez<br \/>ISBN: 978-953-59104-3-5<br \/><br \/>Cijena:\u00a0 5 Eura<\/td>\r\n<\/tr>\r\n<tr>\r\n<td><img loading=\"lazy\" decoding=\"async\" class=\"alignnone size-medium wp-image-207\" src=\"http:\/\/www.gradski-muzej-krizevci.hr\/wp-content\/uploads\/2016\/10\/Gundrum-211x300.jpg\" alt=\"\" width=\"211\" height=\"300\" srcset=\"http:\/\/www.gradski-muzej-krizevci.hr\/wp-content\/uploads\/2016\/10\/Gundrum-211x300.jpg 211w, http:\/\/www.gradski-muzej-krizevci.hr\/wp-content\/uploads\/2016\/10\/Gundrum.jpg 702w\" sizes=\"auto, (max-width: 211px) 100vw, 211px\" \/><\/td>\r\n<td><strong>Dr. Fran Gundrum Oriov\u010danin \u2013 u povodu 160. godi\u0161njice ro\u0111enja<\/strong> \u00a0<br \/><br \/>Darija Hofgr\u00e4ff (autor)<br \/>Kri\u017eevci : Gradski muzej Kri\u017eevci, 2016.<br \/>28 str., ilustr. u bojama, 30 cm<br \/>meki uvez<br \/>ISBN: 978-953-59104-1-1<br \/><br \/>Cijena:\u00a0 5 Eura<\/td>\r\n<\/tr>\r\n<tr>\r\n<td><img loading=\"lazy\" decoding=\"async\" class=\"alignnone size-medium wp-image-208\" src=\"http:\/\/www.gradski-muzej-krizevci.hr\/wp-content\/uploads\/2016\/10\/Julije-208x300.jpg\" alt=\"\" width=\"208\" height=\"300\" srcset=\"http:\/\/www.gradski-muzej-krizevci.hr\/wp-content\/uploads\/2016\/10\/Julije-208x300.jpg 208w, http:\/\/www.gradski-muzej-krizevci.hr\/wp-content\/uploads\/2016\/10\/Julije.jpg 693w\" sizes=\"auto, (max-width: 208px) 100vw, 208px\" \/><\/td>\r\n<td><strong>Julije Csikos Sessia \u2013 u sjeni velikog oca<\/strong> \u00a0<br \/><br \/>Ivana Gr\u017eina, Petra Jal\u0161ovec (autori)<br \/>Kri\u017eevci : Gradski muzej Kri\u017eevci, 2016.<br \/>48 str., ilustr. u bojama, 24 cm<br \/>meki uvez<br \/>ISBN: 978-953-59104-0-4<br \/><br \/>Cijena:\u00a0 7 Eur<\/td>\r\n<\/tr>\r\n<tr>\r\n<td><img loading=\"lazy\" decoding=\"async\" class=\"alignnone size-medium wp-image-219\" src=\"http:\/\/www.gradski-muzej-krizevci.hr\/wp-content\/uploads\/2016\/10\/zidovi-287x300.jpg\" alt=\"\" width=\"287\" height=\"300\" srcset=\"http:\/\/www.gradski-muzej-krizevci.hr\/wp-content\/uploads\/2016\/10\/zidovi-287x300.jpg 287w, http:\/\/www.gradski-muzej-krizevci.hr\/wp-content\/uploads\/2016\/10\/zidovi-768x804.jpg 768w, http:\/\/www.gradski-muzej-krizevci.hr\/wp-content\/uploads\/2016\/10\/zidovi.jpg 955w\" sizes=\"auto, (max-width: 287px) 100vw, 287px\" \/><\/td>\r\n<td><strong>\u017didovi u Kri\u017eevcima \u2013 povijest, zna\u010daj, naslije\u0111e<\/strong> \u00a0<br \/><br \/>Ljiljana Dobrov\u0161ak, Dejan Pernjak (autori)<br \/>Kri\u017eevci : Gradski muzej Kri\u017eevci, 2015.<br \/>84 str., ilustr. u bojama, 22 cm<br \/>meki uvez<br \/>ISBN: 978-953-99594-9-2<br \/><br \/>Cijena: rasprodano<\/td>\r\n<\/tr>\r\n<tr>\r\n<td><img loading=\"lazy\" decoding=\"async\" class=\"alignnone size-medium wp-image-206\" src=\"http:\/\/www.gradski-muzej-krizevci.hr\/wp-content\/uploads\/2016\/10\/erhatic-209x300.jpg\" alt=\"\" width=\"209\" height=\"300\" srcset=\"http:\/\/www.gradski-muzej-krizevci.hr\/wp-content\/uploads\/2016\/10\/erhatic-209x300.jpg 209w, http:\/\/www.gradski-muzej-krizevci.hr\/wp-content\/uploads\/2016\/10\/erhatic.jpg 695w\" sizes=\"auto, (max-width: 209px) 100vw, 209px\" \/><\/td>\r\n<td><strong>Obitelj Erhati\u0107 \u2013 kri\u017eeva\u010dki graditelji orgulja<\/strong> \u00a0<br \/><br \/>Marko \u0110uraki\u0107 (autor)<br \/>Kri\u017eevci : Gradski muzej Kri\u017eevci, 2015.<br \/>28 str., ilustr. u bojama, 30 cm<br \/>meki uvez<br \/>ISBN: 978-953-99594-7-8<br \/><br \/>Cijena:\u00a0 5 Eura<\/td>\r\n<\/tr>\r\n<tr>\r\n<td><img loading=\"lazy\" decoding=\"async\" class=\"alignnone size-medium wp-image-3892\" src=\"http:\/\/www.gradski-muzej-krizevci.hr\/wp-content\/uploads\/2022\/04\/markovic-212x300.jpg\" alt=\"\" width=\"212\" height=\"300\" srcset=\"http:\/\/www.gradski-muzej-krizevci.hr\/wp-content\/uploads\/2022\/04\/markovic-212x300.jpg 212w, http:\/\/www.gradski-muzej-krizevci.hr\/wp-content\/uploads\/2022\/04\/markovic.jpg 705w\" sizes=\"auto, (max-width: 212px) 100vw, 212px\" \/><\/td>\r\n<td><strong>Franjo Markovi\u0107<\/strong> \u00a0<br \/><br \/>Ivan Pekli\u0107 (autor)<br \/>Kri\u017eevci : Gradski muzej Kri\u017eevci i Zagreb : Hrvatska akademije znanosti i umjetnosti, 2014.<br \/>32 str., ilustr. u bojama, 30 cm<br \/>meki uvez<br \/>ISBN: 978\u2013953\u201399594\u20135\u20134\u00a0<br \/><br \/>Cijena:\u00a0 5 Eura<\/td>\r\n<\/tr>\r\n<tr>\r\n<td><img loading=\"lazy\" decoding=\"async\" class=\"alignnone size-medium wp-image-3895\" src=\"http:\/\/www.gradski-muzej-krizevci.hr\/wp-content\/uploads\/2022\/04\/SCHLOSSER-212x300.jpg\" alt=\"\" width=\"212\" height=\"300\" srcset=\"http:\/\/www.gradski-muzej-krizevci.hr\/wp-content\/uploads\/2022\/04\/SCHLOSSER-212x300.jpg 212w, http:\/\/www.gradski-muzej-krizevci.hr\/wp-content\/uploads\/2022\/04\/SCHLOSSER.jpg 706w\" sizes=\"auto, (max-width: 212px) 100vw, 212px\" \/><\/td>\r\n<td><strong>Dr. Josip Kalasancij Schlosser vitez Klekovski<\/strong> <br \/><br \/>Ozren Blagec, Suzana Buzjak, Mirjana Vrbek (autori)<br \/>Kri\u017eevci : Gradski muzej Kri\u017eevci i Zagreb : Hrvatski prirodoslovni muzej, 2013.<br \/>16 str., ilustr. u bojama, 30 cm<br \/>meki uvez<br \/>ISBN: 978-953-99594-4-7<br \/><br \/>Cijena: rasprodano<\/td>\r\n<\/tr>\r\n<tr>\r\n<td><img loading=\"lazy\" decoding=\"async\" class=\"alignnone size-medium wp-image-3891\" src=\"http:\/\/www.gradski-muzej-krizevci.hr\/wp-content\/uploads\/2022\/04\/likovna-galerija-206x300.jpg\" alt=\"\" width=\"206\" height=\"300\" srcset=\"http:\/\/www.gradski-muzej-krizevci.hr\/wp-content\/uploads\/2022\/04\/likovna-galerija-206x300.jpg 206w, http:\/\/www.gradski-muzej-krizevci.hr\/wp-content\/uploads\/2022\/04\/likovna-galerija.jpg 687w\" sizes=\"auto, (max-width: 206px) 100vw, 206px\" \/><\/td>\r\n<td><strong>Likovna zbirka Gradskog muzeja Kri\u017eevci \u2013 izbor iz fundusa : U povodu 60. obljetnice postojanja Muzeja<\/strong> \u00a0<br \/><br \/>Zoran Homen (autor)<br \/>Kri\u017eevci : Gradski muzej Kri\u017eevci, 2012.<br \/>48 str., ilustr. u bojama, 30 cm<br \/>meki uvez<br \/><br \/>Cijena:\u00a0 7 Eur<\/td>\r\n<\/tr>\r\n<tr>\r\n<td><img loading=\"lazy\" decoding=\"async\" class=\"alignnone size-medium wp-image-3885\" src=\"http:\/\/www.gradski-muzej-krizevci.hr\/wp-content\/uploads\/2022\/04\/cehovi-211x300.jpg\" alt=\"\" width=\"211\" height=\"300\" srcset=\"http:\/\/www.gradski-muzej-krizevci.hr\/wp-content\/uploads\/2022\/04\/cehovi-211x300.jpg 211w, http:\/\/www.gradski-muzej-krizevci.hr\/wp-content\/uploads\/2022\/04\/cehovi.jpg 702w\" sizes=\"auto, (max-width: 211px) 100vw, 211px\" \/><\/td>\r\n<td><strong>Povijest cehova u Kri\u017eevcima<\/strong> \u00a0<br \/><br \/>Ozren Blagec (autor)<br \/>Kri\u017eevci : Gradski muzej, 2011.<br \/>32 str., ilustr. u bojama, 30 cm<br \/>meki uvez<br \/>ISBN: 978-953-99549-3-0<br \/><br \/>Cijena: 5 Eur<\/td>\r\n<\/tr>\r\n<tr>\r\n<td><img loading=\"lazy\" decoding=\"async\" class=\"alignnone size-medium wp-image-3893\" src=\"http:\/\/www.gradski-muzej-krizevci.hr\/wp-content\/uploads\/2022\/04\/papa-filatelija-212x300.jpg\" alt=\"\" width=\"212\" height=\"300\" srcset=\"http:\/\/www.gradski-muzej-krizevci.hr\/wp-content\/uploads\/2022\/04\/papa-filatelija-212x300.jpg 212w, http:\/\/www.gradski-muzej-krizevci.hr\/wp-content\/uploads\/2022\/04\/papa-filatelija.jpg 705w\" sizes=\"auto, (max-width: 212px) 100vw, 212px\" \/><\/td>\r\n<td><strong>Papinska putovanja u filateliji<\/strong> \u00a0<br \/><br \/>Vladimir Palo\u0161ika (autor)<br \/>Kri\u017eevci : Gradski muzej Kri\u017eevci, 2011.<br \/>8 str., ilustr. u bojama, 30 cm<br \/>meki uvez<br \/><br \/>Cijena: rasprodano<\/td>\r\n<\/tr>\r\n<tr>\r\n<td><img loading=\"lazy\" decoding=\"async\" class=\"alignnone size-medium wp-image-3887\" src=\"http:\/\/www.gradski-muzej-krizevci.hr\/wp-content\/uploads\/2022\/04\/donacija-ovcacik-212x300.jpg\" alt=\"\" width=\"212\" height=\"300\" srcset=\"http:\/\/www.gradski-muzej-krizevci.hr\/wp-content\/uploads\/2022\/04\/donacija-ovcacik-212x300.jpg 212w, http:\/\/www.gradski-muzej-krizevci.hr\/wp-content\/uploads\/2022\/04\/donacija-ovcacik.jpg 707w\" sizes=\"auto, (max-width: 212px) 100vw, 212px\" \/><\/td>\r\n<td><strong>Mira Ov\u010da\u010dik Kova\u010devi\u0107 \u2013 donacija uzornika vezila\u010dkih tehnika Gradskom muzeju Kri\u017eevci<\/strong> \u00a0<br \/><br \/>Melita Habdija (autor)<br \/>Kri\u017eevci : Gradski muzej Kri\u017eevci, 2007.<br \/>8 str., ilustr. u bojama, 30 cm<br \/>meki uvez<br \/><br \/>Cijena: rasprodano<\/td>\r\n<\/tr>\r\n<tr>\r\n<td><img loading=\"lazy\" decoding=\"async\" class=\"alignnone size-medium wp-image-3898\" src=\"http:\/\/www.gradski-muzej-krizevci.hr\/wp-content\/uploads\/2022\/04\/zajc-211x300.jpg\" alt=\"\" width=\"211\" height=\"300\" srcset=\"http:\/\/www.gradski-muzej-krizevci.hr\/wp-content\/uploads\/2022\/04\/zajc-211x300.jpg 211w, http:\/\/www.gradski-muzej-krizevci.hr\/wp-content\/uploads\/2022\/04\/zajc.jpg 702w\" sizes=\"auto, (max-width: 211px) 100vw, 211px\" \/><\/td>\r\n<td><strong>Dragutin Zajc (1909. &#8211; 1997.)<\/strong> \u00a0<br \/><br \/>Zoran Homen (autor)<br \/>Kri\u017eevci : Gradski muzej Kri\u017eevci, 2007.<br \/>16 str., ilustr. u bojama, 21 cm<br \/>meki uvez<br \/><br \/>Cijena: rasprodano<\/td>\r\n<\/tr>\r\n<tr>\r\n<td><img loading=\"lazy\" decoding=\"async\" class=\"alignnone size-medium wp-image-3894\" src=\"http:\/\/www.gradski-muzej-krizevci.hr\/wp-content\/uploads\/2022\/04\/paska-cipka-208x300.jpg\" alt=\"\" width=\"208\" height=\"300\" srcset=\"http:\/\/www.gradski-muzej-krizevci.hr\/wp-content\/uploads\/2022\/04\/paska-cipka-208x300.jpg 208w, http:\/\/www.gradski-muzej-krizevci.hr\/wp-content\/uploads\/2022\/04\/paska-cipka.jpg 693w\" sizes=\"auto, (max-width: 208px) 100vw, 208px\" \/><\/td>\r\n<td><strong>Pa\u0161ka \u010dipka<\/strong> \u00a0<br \/><br \/>Melita Habdija (autor)<br \/>Kri\u017eevci : Gradski muzej Kri\u017eevci, 2007.<br \/>12 str., ilustr. u bojama, 21 cm<br \/>meki uvez<br \/><br \/>Cijena: rasprodano<\/td>\r\n<\/tr>\r\n<tr>\r\n<td><img loading=\"lazy\" decoding=\"async\" class=\"alignnone size-medium wp-image-3886\" src=\"http:\/\/www.gradski-muzej-krizevci.hr\/wp-content\/uploads\/2022\/04\/detoni-210x300.jpg\" alt=\"\" width=\"210\" height=\"300\" srcset=\"http:\/\/www.gradski-muzej-krizevci.hr\/wp-content\/uploads\/2022\/04\/detoni-210x300.jpg 210w, http:\/\/www.gradski-muzej-krizevci.hr\/wp-content\/uploads\/2022\/04\/detoni.jpg 699w\" sizes=\"auto, (max-width: 210px) 100vw, 210px\" \/><\/td>\r\n<td><strong>Marijan Detoni \u2013 u povodu 101. godi\u0161njice ro\u0111enja (izbor radova)<\/strong> \u00a0<br \/><br \/>Tonko Maroevi\u0107, Marijan \u0160poljar (autori)<br \/>Kri\u017eevci : Gradski muzej Kri\u017eevci, 2006.<br \/>28 str., ilustr. u bojama, 30 cm<br \/>meki uvez<br \/><br \/>Cijena: rasprodano<\/td>\r\n<\/tr>\r\n<tr>\r\n<td><img loading=\"lazy\" decoding=\"async\" class=\"alignnone size-medium wp-image-3896\" src=\"http:\/\/www.gradski-muzej-krizevci.hr\/wp-content\/uploads\/2022\/04\/struppi-210x300.jpg\" alt=\"\" width=\"210\" height=\"300\" srcset=\"http:\/\/www.gradski-muzej-krizevci.hr\/wp-content\/uploads\/2022\/04\/struppi-210x300.jpg 210w, http:\/\/www.gradski-muzej-krizevci.hr\/wp-content\/uploads\/2022\/04\/struppi.jpg 699w\" sizes=\"auto, (max-width: 210px) 100vw, 210px\" \/><\/td>\r\n<td><strong>Jelka Struppi (1872. \u2013 1946.) \u2013 slikarica i njeni radovi u Kri\u017eevci<\/strong> \u00a0<br \/><br \/>Zoran Homen (autor)<br \/>Kri\u017eevci : Gradski muzej Kri\u017eevci, 2004.<br \/>36 str., ilustr. u bojama, 24 cm<br \/>meki uvez<br \/>ISBN:\u00a0 953-99594-1-1<br \/><br \/>Cijena: rasprodano<\/td>\r\n<\/tr>\r\n<tr>\r\n<td><img loading=\"lazy\" decoding=\"async\" class=\"alignnone size-medium wp-image-3890\" src=\"http:\/\/www.gradski-muzej-krizevci.hr\/wp-content\/uploads\/2022\/04\/kiepach-207x300.jpg\" alt=\"\" width=\"207\" height=\"300\" srcset=\"http:\/\/www.gradski-muzej-krizevci.hr\/wp-content\/uploads\/2022\/04\/kiepach-207x300.jpg 207w, http:\/\/www.gradski-muzej-krizevci.hr\/wp-content\/uploads\/2022\/04\/kiepach.jpg 691w\" sizes=\"auto, (max-width: 207px) 100vw, 207px\" \/><\/td>\r\n<td><strong>Obitelj Kiepach od Haselburga u Kri\u017eevcima<\/strong> \u00a0<br \/><br \/>Zoran Homen (autor)<br \/>Kri\u017eevci : Gradski muzej Kri\u017eevci, 2004.<br \/>52 str., ilustr. u bojama, 30 cm<br \/>meki uvez<br \/><br \/>Cijena: rasprodano<\/td>\r\n<\/tr>\r\n<tr>\r\n<td><img loading=\"lazy\" decoding=\"async\" class=\"alignnone size-medium wp-image-3900\" src=\"http:\/\/www.gradski-muzej-krizevci.hr\/wp-content\/uploads\/2022\/04\/vodic-168x300.jpg\" alt=\"\" width=\"168\" height=\"300\" srcset=\"http:\/\/www.gradski-muzej-krizevci.hr\/wp-content\/uploads\/2022\/04\/vodic-168x300.jpg 168w, http:\/\/www.gradski-muzej-krizevci.hr\/wp-content\/uploads\/2022\/04\/vodic.jpg 560w\" sizes=\"auto, (max-width: 168px) 100vw, 168px\" \/><\/td>\r\n<td><strong>Gradski muzej Kri\u017eevci \u2013 vodi\u010d kroz zbirke<\/strong> \u00a0<br \/><br \/>Zoran Homen (autor)<br \/>Kri\u017eevci : Gradski muzej Kri\u017eevci, 1997.<br \/>32 str., ilustr. u bojama, 22 cm<br \/>meki uvez<br \/><br \/>Cijena: rasprodano<\/td>\r\n<\/tr>\r\n<\/tbody>\r\n<\/table>\r\n<\/figure>\r\n<!-- \/wp:table --><\/div>\r\n<!-- \/wp:column --><\/div>\r\n<!-- \/wp:columns --><\/div>\r\n<!-- \/wp:group -->\r\n\r\n<!-- wp:paragraph --><!-- \/wp:paragraph --><!-- \/wp:post-content -->","protected":false},"excerpt":{"rendered":"<p>\u00a0 \u00a0 Dalek. Dalji. (Napokon) Vis Zrinka Zagorec (autor) Stanko Hercek (autor teksta) 40 str., ilustr. u bojama, 26 cmmeki uvez ISBN: 978-953-8291-41-8 Cijena: Mijene : Radovi koje nisam napravio&hellip;<\/p>\n","protected":false},"author":4,"featured_media":0,"parent":0,"menu_order":0,"comment_status":"closed","ping_status":"closed","template":"","meta":{"_bbp_topic_count":0,"_bbp_reply_count":0,"_bbp_total_topic_count":0,"_bbp_total_reply_count":0,"_bbp_voice_count":0,"_bbp_anonymous_reply_count":0,"_bbp_topic_count_hidden":0,"_bbp_reply_count_hidden":0,"_bbp_forum_subforum_count":0,"footnotes":""},"class_list":["post-3875","page","type-page","status-publish","hentry"],"_links":{"self":[{"href":"http:\/\/www.gradski-muzej-krizevci.hr\/index.php?rest_route=\/wp\/v2\/pages\/3875","targetHints":{"allow":["GET"]}}],"collection":[{"href":"http:\/\/www.gradski-muzej-krizevci.hr\/index.php?rest_route=\/wp\/v2\/pages"}],"about":[{"href":"http:\/\/www.gradski-muzej-krizevci.hr\/index.php?rest_route=\/wp\/v2\/types\/page"}],"author":[{"embeddable":true,"href":"http:\/\/www.gradski-muzej-krizevci.hr\/index.php?rest_route=\/wp\/v2\/users\/4"}],"replies":[{"embeddable":true,"href":"http:\/\/www.gradski-muzej-krizevci.hr\/index.php?rest_route=%2Fwp%2Fv2%2Fcomments&post=3875"}],"version-history":[{"count":50,"href":"http:\/\/www.gradski-muzej-krizevci.hr\/index.php?rest_route=\/wp\/v2\/pages\/3875\/revisions"}],"predecessor-version":[{"id":6081,"href":"http:\/\/www.gradski-muzej-krizevci.hr\/index.php?rest_route=\/wp\/v2\/pages\/3875\/revisions\/6081"}],"wp:attachment":[{"href":"http:\/\/www.gradski-muzej-krizevci.hr\/index.php?rest_route=%2Fwp%2Fv2%2Fmedia&parent=3875"}],"curies":[{"name":"wp","href":"https:\/\/api.w.org\/{rel}","templated":true}]}}