{"id":102,"date":"2016-10-18T12:45:15","date_gmt":"2016-10-18T11:45:15","guid":{"rendered":"http:\/\/www.gradski-muzej-krizevci.hr\/?page_id=102"},"modified":"2019-05-25T13:44:31","modified_gmt":"2019-05-25T12:44:31","slug":"arheoloska-zbirka","status":"publish","type":"page","link":"https:\/\/www.gradski-muzej-krizevci.hr\/?page_id=102","title":{"rendered":"Arheolo\u0161ka zbirka"},"content":{"rendered":"<p>Arheolo\u0161ka zbirka sadr\u017ei 2252 inventirana predmeta koji pripadaju \u0161irokom vremenskom rasponu od mla\u0111eg kamenog doba do kasnog srednjeg i ranog novog vijeka. Potje\u010du s nalazi\u0161ta koja su otkrivena u Kri\u017eevcima i okolici te na podru\u010dju op\u0107ina Sv. Ivan \u017dabno, Kalnik, Gornja Rijeka i Sv. Petar Orehovec, a rezultat su rekognosciranja i arheolo\u0161kih istra\u017eivanja koja je Gradski muzej Kri\u017eevci vodio samostalno ili u suradnji s drugim institucijama kao \u0161to su Arheolo\u0161ki zavod Filozofskog fakulteta u Zagrebu te Institut za arheologiju. Dio zbirke otkupljen je od u\u010ditelja V. Duki\u0107a koji je \u010detrdesetih i pedesetih god. 20. stolje\u0107a iskopavao na lokalitetima u Beketincu i Apatovcu.<\/p>\n<p>Mla\u0111e kameno doba zastupljeno je kerami\u010dkim ulomcima, rekonstrukcijama posu\u0111a, antropomorfnim i zoomorfnim figurinama, poliranim kamenim sjekirama i dlijetima te cijepanim liti\u010dkim izra\u0111evinama brezovljanskog tipa sopotske kulture s eponimnog lokaliteta Brezovljani. Ranom eneolitiku pripisan je materijal Se\u010de-tipa sopotske kulture s nalazi\u0161ta Karane i Grabrovec dok u srednjoeneoliti\u010dko razdoblje datira raznoliki lasinjski kerami\u010dki materijal koji uklju\u010duje bikoni\u010dne bo\u010dice, rekonstrukcije posu\u0111a, brojne ulomke te polirane kamene izra\u0111evine prona\u0111ene na gusto raspore\u0111enim lokalitetima lasinjske kulture otkrivenima u Beketincu (na polo\u017eajima Imbralovec i Topolje), Bukovju, Pavlovcu, Grabrovcu, Karanama, Kalniku i Brezovljanima.<\/p>\n<p>Kasnom eneolitiku te ranom bron\u010danom dobu pripada keramika kasne vu\u010dedolske kulture u kojoj se posebno isti\u010du zoomorfne figurine i \u017eenski torzo prona\u0111eni na lokalitetu Apatovec.<\/p>\n<p>S kasnobron\u010danodobnom kulturom polja sa \u017earama povezuju se nalazi\u0161ta Kri\u017eevci \u2013 Ciglana i Kalnik \u2013 Igri\u0161\u010de te je zbirka oboga\u0107ena brojnim kerami\u010dkim rekonstrukcijama posu\u0111a, ulomcima, pr\u0161ljencima, dijelovima kamenih kalupa za lijevanje metalnih predmeta, bron\u010danim iglama, dlijetima, bode\u017eom te dvjema jantarnim perlama. U kasno bron\u010dano doba datira i ostava \u017ervnjeva otkrivena u Martincu nedaleko od Kri\u017eevaca.<\/p>\n<p>&nbsp;<\/p>\n<div id='gallery-1' class='gallery galleryid-102 gallery-columns-6 gallery-size-thumbnail'><figure class='gallery-item'>\n\t\t\t<div class='gallery-icon landscape'>\n\t\t\t\t<a title=\"11\" href='https:\/\/www.gradski-muzej-krizevci.hr\/wp-content\/uploads\/2019\/05\/11.jpg'><img loading=\"lazy\" decoding=\"async\" width=\"150\" height=\"150\" src=\"https:\/\/www.gradski-muzej-krizevci.hr\/wp-content\/uploads\/2019\/05\/11-150x150.jpg\" class=\"attachment-thumbnail size-thumbnail\" alt=\"\" srcset=\"https:\/\/www.gradski-muzej-krizevci.hr\/wp-content\/uploads\/2019\/05\/11-150x150.jpg 150w, https:\/\/www.gradski-muzej-krizevci.hr\/wp-content\/uploads\/2019\/05\/11-60x60.jpg 60w\" sizes=\"auto, (max-width: 150px) 100vw, 150px\" \/><\/a>\n\t\t\t<\/div><\/figure><figure class='gallery-item'>\n\t\t\t<div class='gallery-icon landscape'>\n\t\t\t\t<a title=\"GRADSKI MUZEJ KRI\u017dEVCI\" href='https:\/\/www.gradski-muzej-krizevci.hr\/wp-content\/uploads\/2019\/05\/10.jpg'><img loading=\"lazy\" decoding=\"async\" width=\"150\" height=\"150\" src=\"https:\/\/www.gradski-muzej-krizevci.hr\/wp-content\/uploads\/2019\/05\/10-150x150.jpg\" class=\"attachment-thumbnail size-thumbnail\" alt=\"\" srcset=\"https:\/\/www.gradski-muzej-krizevci.hr\/wp-content\/uploads\/2019\/05\/10-150x150.jpg 150w, https:\/\/www.gradski-muzej-krizevci.hr\/wp-content\/uploads\/2019\/05\/10-60x60.jpg 60w\" sizes=\"auto, (max-width: 150px) 100vw, 150px\" \/><\/a>\n\t\t\t<\/div><\/figure><figure class='gallery-item'>\n\t\t\t<div class='gallery-icon landscape'>\n\t\t\t\t<a title=\"8\" href='https:\/\/www.gradski-muzej-krizevci.hr\/wp-content\/uploads\/2019\/05\/8.jpg'><img loading=\"lazy\" decoding=\"async\" width=\"150\" height=\"150\" src=\"https:\/\/www.gradski-muzej-krizevci.hr\/wp-content\/uploads\/2019\/05\/8-150x150.jpg\" class=\"attachment-thumbnail size-thumbnail\" alt=\"\" srcset=\"https:\/\/www.gradski-muzej-krizevci.hr\/wp-content\/uploads\/2019\/05\/8-150x150.jpg 150w, https:\/\/www.gradski-muzej-krizevci.hr\/wp-content\/uploads\/2019\/05\/8-60x60.jpg 60w\" sizes=\"auto, (max-width: 150px) 100vw, 150px\" \/><\/a>\n\t\t\t<\/div><\/figure><figure class='gallery-item'>\n\t\t\t<div class='gallery-icon landscape'>\n\t\t\t\t<a title=\"4275_1\" href='https:\/\/www.gradski-muzej-krizevci.hr\/wp-content\/uploads\/2019\/05\/4275_1.jpg'><img loading=\"lazy\" decoding=\"async\" width=\"150\" height=\"150\" src=\"https:\/\/www.gradski-muzej-krizevci.hr\/wp-content\/uploads\/2019\/05\/4275_1-150x150.jpg\" class=\"attachment-thumbnail size-thumbnail\" alt=\"\" srcset=\"https:\/\/www.gradski-muzej-krizevci.hr\/wp-content\/uploads\/2019\/05\/4275_1-150x150.jpg 150w, https:\/\/www.gradski-muzej-krizevci.hr\/wp-content\/uploads\/2019\/05\/4275_1-60x60.jpg 60w\" sizes=\"auto, (max-width: 150px) 100vw, 150px\" \/><\/a>\n\t\t\t<\/div><\/figure><figure class='gallery-item'>\n\t\t\t<div class='gallery-icon landscape'>\n\t\t\t\t<a title=\"4275\" href='https:\/\/www.gradski-muzej-krizevci.hr\/wp-content\/uploads\/2019\/05\/4275.jpg'><img loading=\"lazy\" decoding=\"async\" width=\"150\" height=\"150\" src=\"https:\/\/www.gradski-muzej-krizevci.hr\/wp-content\/uploads\/2019\/05\/4275-150x150.jpg\" class=\"attachment-thumbnail size-thumbnail\" alt=\"\" srcset=\"https:\/\/www.gradski-muzej-krizevci.hr\/wp-content\/uploads\/2019\/05\/4275-150x150.jpg 150w, https:\/\/www.gradski-muzej-krizevci.hr\/wp-content\/uploads\/2019\/05\/4275-60x60.jpg 60w\" sizes=\"auto, (max-width: 150px) 100vw, 150px\" \/><\/a>\n\t\t\t<\/div><\/figure><figure class='gallery-item'>\n\t\t\t<div class='gallery-icon landscape'>\n\t\t\t\t<a title=\"4498\" href='https:\/\/www.gradski-muzej-krizevci.hr\/wp-content\/uploads\/2019\/05\/4498.jpg'><img loading=\"lazy\" decoding=\"async\" width=\"150\" height=\"150\" src=\"https:\/\/www.gradski-muzej-krizevci.hr\/wp-content\/uploads\/2019\/05\/4498-150x150.jpg\" class=\"attachment-thumbnail size-thumbnail\" alt=\"\" srcset=\"https:\/\/www.gradski-muzej-krizevci.hr\/wp-content\/uploads\/2019\/05\/4498-150x150.jpg 150w, https:\/\/www.gradski-muzej-krizevci.hr\/wp-content\/uploads\/2019\/05\/4498-60x60.jpg 60w\" sizes=\"auto, (max-width: 150px) 100vw, 150px\" \/><\/a>\n\t\t\t<\/div><\/figure><figure class='gallery-item'>\n\t\t\t<div class='gallery-icon landscape'>\n\t\t\t\t<a title=\"1966\" href='https:\/\/www.gradski-muzej-krizevci.hr\/wp-content\/uploads\/2019\/05\/1966.jpg'><img loading=\"lazy\" decoding=\"async\" width=\"150\" height=\"150\" src=\"https:\/\/www.gradski-muzej-krizevci.hr\/wp-content\/uploads\/2019\/05\/1966-150x150.jpg\" class=\"attachment-thumbnail size-thumbnail\" alt=\"\" srcset=\"https:\/\/www.gradski-muzej-krizevci.hr\/wp-content\/uploads\/2019\/05\/1966-150x150.jpg 150w, https:\/\/www.gradski-muzej-krizevci.hr\/wp-content\/uploads\/2019\/05\/1966-60x60.jpg 60w\" sizes=\"auto, (max-width: 150px) 100vw, 150px\" \/><\/a>\n\t\t\t<\/div><\/figure><figure class='gallery-item'>\n\t\t\t<div class='gallery-icon landscape'>\n\t\t\t\t<a title=\"26_1\" href='https:\/\/www.gradski-muzej-krizevci.hr\/wp-content\/uploads\/2019\/05\/26_1.jpg'><img loading=\"lazy\" decoding=\"async\" width=\"150\" height=\"150\" src=\"https:\/\/www.gradski-muzej-krizevci.hr\/wp-content\/uploads\/2019\/05\/26_1-150x150.jpg\" class=\"attachment-thumbnail size-thumbnail\" alt=\"\" srcset=\"https:\/\/www.gradski-muzej-krizevci.hr\/wp-content\/uploads\/2019\/05\/26_1-150x150.jpg 150w, https:\/\/www.gradski-muzej-krizevci.hr\/wp-content\/uploads\/2019\/05\/26_1-60x60.jpg 60w\" sizes=\"auto, (max-width: 150px) 100vw, 150px\" \/><\/a>\n\t\t\t<\/div><\/figure><figure class='gallery-item'>\n\t\t\t<div class='gallery-icon landscape'>\n\t\t\t\t<a title=\"4221\" href='https:\/\/www.gradski-muzej-krizevci.hr\/wp-content\/uploads\/2019\/05\/4221.jpg'><img loading=\"lazy\" decoding=\"async\" width=\"150\" height=\"150\" src=\"https:\/\/www.gradski-muzej-krizevci.hr\/wp-content\/uploads\/2019\/05\/4221-150x150.jpg\" class=\"attachment-thumbnail size-thumbnail\" alt=\"\" srcset=\"https:\/\/www.gradski-muzej-krizevci.hr\/wp-content\/uploads\/2019\/05\/4221-150x150.jpg 150w, https:\/\/www.gradski-muzej-krizevci.hr\/wp-content\/uploads\/2019\/05\/4221-60x60.jpg 60w\" sizes=\"auto, (max-width: 150px) 100vw, 150px\" \/><\/a>\n\t\t\t<\/div><\/figure><figure class='gallery-item'>\n\t\t\t<div class='gallery-icon landscape'>\n\t\t\t\t<a title=\"4108\" href='https:\/\/www.gradski-muzej-krizevci.hr\/wp-content\/uploads\/2019\/05\/4108.jpg'><img loading=\"lazy\" decoding=\"async\" width=\"150\" height=\"150\" src=\"https:\/\/www.gradski-muzej-krizevci.hr\/wp-content\/uploads\/2019\/05\/4108-150x150.jpg\" class=\"attachment-thumbnail size-thumbnail\" alt=\"\" srcset=\"https:\/\/www.gradski-muzej-krizevci.hr\/wp-content\/uploads\/2019\/05\/4108-150x150.jpg 150w, https:\/\/www.gradski-muzej-krizevci.hr\/wp-content\/uploads\/2019\/05\/4108-60x60.jpg 60w\" sizes=\"auto, (max-width: 150px) 100vw, 150px\" \/><\/a>\n\t\t\t<\/div><\/figure><figure class='gallery-item'>\n\t\t\t<div class='gallery-icon landscape'>\n\t\t\t\t<a title=\"GRADSKI MUZEJ KRI\u017dEVCI\" href='https:\/\/www.gradski-muzej-krizevci.hr\/wp-content\/uploads\/2019\/05\/27.jpg'><img loading=\"lazy\" decoding=\"async\" width=\"150\" height=\"150\" src=\"https:\/\/www.gradski-muzej-krizevci.hr\/wp-content\/uploads\/2019\/05\/27-150x150.jpg\" class=\"attachment-thumbnail size-thumbnail\" alt=\"\" srcset=\"https:\/\/www.gradski-muzej-krizevci.hr\/wp-content\/uploads\/2019\/05\/27-150x150.jpg 150w, https:\/\/www.gradski-muzej-krizevci.hr\/wp-content\/uploads\/2019\/05\/27-60x60.jpg 60w\" sizes=\"auto, (max-width: 150px) 100vw, 150px\" \/><\/a>\n\t\t\t<\/div><\/figure><figure class='gallery-item'>\n\t\t\t<div class='gallery-icon landscape'>\n\t\t\t\t<a title=\"GRADSKI MUZEJ KRI\u017dEVCI\" href='https:\/\/www.gradski-muzej-krizevci.hr\/wp-content\/uploads\/2019\/05\/1.jpg'><img loading=\"lazy\" decoding=\"async\" width=\"150\" height=\"150\" src=\"https:\/\/www.gradski-muzej-krizevci.hr\/wp-content\/uploads\/2019\/05\/1-150x150.jpg\" class=\"attachment-thumbnail size-thumbnail\" alt=\"\" srcset=\"https:\/\/www.gradski-muzej-krizevci.hr\/wp-content\/uploads\/2019\/05\/1-150x150.jpg 150w, https:\/\/www.gradski-muzej-krizevci.hr\/wp-content\/uploads\/2019\/05\/1-60x60.jpg 60w\" sizes=\"auto, (max-width: 150px) 100vw, 150px\" \/><\/a>\n\t\t\t<\/div><\/figure>\n\t\t<\/div>\n\n<p>&nbsp;<\/p>\n<p>&nbsp;<\/p>\n<p>Mla\u0111e \u017eeljezno doba zastupljeno je kerami\u010dkim nalazima s Kalnika koji pripadaju mokrono\u0161koj skupini. Potrebno je spomenuti i dijelove keltske ratni\u010dke opreme tako\u0111er s Kalnika koja se sastoji od savijenog koplja i umba \u0161tita.<\/p>\n<p>Anti\u010dki dio zbirke odnosi se na kasnorimski novac (koji potje\u010de iz vremena careva Valerijana I, Klaudija II, Valentinijana I i Valensa), ulomke staklenog i kerami\u010dkog posu\u0111a te na gornji dio rimskog nadgrobnog spomenika s prikazom Serapisa i dva le\u017ee\u0107a lava.<\/p>\n<p>Ranosrednjovjekovnom razdoblju pripadaju predmeti bjelobrdske kulture (kari\u010dice sa zavr\u0161etkom u obliku slova S, ogrlice, kositreni privjesak u obliku kri\u017ea) na\u0111eni na Kalniku na lokalitetima Popovec i Prekri\u017eje. Va\u017eno srednjovjekovno nalazi\u0161te predstavlja Glogovnica iz koje potje\u010de romani\u010dka kamena skulptura s prikazom mu\u0161ke glave. Me\u0111u kasnosrednjovjekovnim materijalom posebno se izdvajaju kerami\u010dke goti\u010dke \u010da\u0161e i ulomci zelenoglaziranih pe\u0107njaka tako\u0111er s lokaliteta u Glogovnici.<\/p>\n<p>Prijelaznom periodu s kasnog srednjeg na novi vijek te ranonovovjekovnom dobu pripadaju ulomci kerami\u010dkog posu\u0111a i pe\u0107njaka prona\u0111eni u Kri\u017eevcima kod Grkokatoli\u010dke biskupije te na lokalitetima Kalnik-Ko\u0161telj i Stari grad Veliki Kalnik.<\/p>\n<p>Zbirka je 2015. godine za\u0161ti\u0107ena kao kulturno dobro Republike Hrvatske.<\/p>\n<p>Voditeljica: mr. sc. Lana Okro\u0161a Ro\u017ei\u0107, muzejska savjetnica<\/p>\n","protected":false},"excerpt":{"rendered":"<p>Arheolo\u0161ka zbirka sadr\u017ei 2252 inventirana predmeta koji pripadaju \u0161irokom vremenskom rasponu od mla\u0111eg kamenog doba do kasnog srednjeg i ranog novog vijeka. Potje\u010du s nalazi\u0161ta koja su otkrivena u Kri\u017eevcima&hellip;<\/p>\n","protected":false},"author":2,"featured_media":0,"parent":100,"menu_order":0,"comment_status":"closed","ping_status":"closed","template":"","meta":{"_bbp_topic_count":0,"_bbp_reply_count":0,"_bbp_total_topic_count":0,"_bbp_total_reply_count":0,"_bbp_voice_count":0,"_bbp_anonymous_reply_count":0,"_bbp_topic_count_hidden":0,"_bbp_reply_count_hidden":0,"_bbp_forum_subforum_count":0,"footnotes":""},"class_list":["post-102","page","type-page","status-publish","hentry"],"_links":{"self":[{"href":"https:\/\/www.gradski-muzej-krizevci.hr\/index.php?rest_route=\/wp\/v2\/pages\/102","targetHints":{"allow":["GET"]}}],"collection":[{"href":"https:\/\/www.gradski-muzej-krizevci.hr\/index.php?rest_route=\/wp\/v2\/pages"}],"about":[{"href":"https:\/\/www.gradski-muzej-krizevci.hr\/index.php?rest_route=\/wp\/v2\/types\/page"}],"author":[{"embeddable":true,"href":"https:\/\/www.gradski-muzej-krizevci.hr\/index.php?rest_route=\/wp\/v2\/users\/2"}],"replies":[{"embeddable":true,"href":"https:\/\/www.gradski-muzej-krizevci.hr\/index.php?rest_route=%2Fwp%2Fv2%2Fcomments&post=102"}],"version-history":[{"count":5,"href":"https:\/\/www.gradski-muzej-krizevci.hr\/index.php?rest_route=\/wp\/v2\/pages\/102\/revisions"}],"predecessor-version":[{"id":641,"href":"https:\/\/www.gradski-muzej-krizevci.hr\/index.php?rest_route=\/wp\/v2\/pages\/102\/revisions\/641"}],"up":[{"embeddable":true,"href":"https:\/\/www.gradski-muzej-krizevci.hr\/index.php?rest_route=\/wp\/v2\/pages\/100"}],"wp:attachment":[{"href":"https:\/\/www.gradski-muzej-krizevci.hr\/index.php?rest_route=%2Fwp%2Fv2%2Fmedia&parent=102"}],"curies":[{"name":"wp","href":"https:\/\/api.w.org\/{rel}","templated":true}]}}